{"id":3599,"date":"2021-07-05T11:51:49","date_gmt":"2021-07-05T11:51:49","guid":{"rendered":"https:\/\/viktor-solothurn.ch\/home\/"},"modified":"2024-02-26T10:44:34","modified_gmt":"2024-02-26T10:44:34","slug":"home","status":"publish","type":"page","link":"https:\/\/viktor-solothurn.ch\/fr\/","title":{"rendered":"Home"},"content":{"rendered":"","protected":false},"excerpt":{"rendered":"","protected":false},"author":1,"featured_media":0,"parent":0,"menu_order":9,"comment_status":"closed","ping_status":"closed","template":"views\/template-home.blade.php","meta":{"_acf_changed":false,"inline_featured_image":false},"class_list":["post-3599","page","type-page","status-publish","hentry"],"acf":{"elements":[{"acf_fc_layout":"row-image-slider","row-image-slider":{"":null,"lead":"<h2>Les plaisirs de la table<\/h2>\n<p>Chez nous, la fra\u00eecheur et la saisonnalit\u00e9 sont au centre des pr\u00e9occupations &#8211; et ce, chaque jour, pr\u00e9par\u00e9es maison dans notre propre four ou pr\u00e9par\u00e9es dans les catacombes culinaires de notre grande s\u0153ur Salzhaus.<\/p>\n","images":[{"image":{"ID":4226,"id":4226,"title":"CF_2023-1491","filename":"CF_2023-1491.jpg","filesize":3893486,"url":"https:\/\/viktor-solothurn.ch\/app\/uploads\/2023\/06\/CF_2023-1491.jpg","link":"https:\/\/viktor-solothurn.ch\/fr\/home\/cf_2023-1491-2\/","alt":"","author":"4","description":"","caption":"","name":"cf_2023-1491-2","status":"inherit","uploaded_to":3599,"date":"2023-06-02 08:13:56","modified":"2023-06-02 08:13:56","menu_order":0,"mime_type":"image\/jpeg","type":"image","subtype":"jpeg","icon":"https:\/\/viktor-solothurn.ch\/wp\/wp-includes\/images\/media\/default.png","width":2500,"height":1667,"sizes":{"thumbnail":"https:\/\/viktor-solothurn.ch\/app\/uploads\/2023\/06\/CF_2023-1491-150x150.jpg","thumbnail-width":150,"thumbnail-height":150,"medium":"https:\/\/viktor-solothurn.ch\/app\/uploads\/2023\/06\/CF_2023-1491-300x200.jpg","medium-width":300,"medium-height":200,"medium_large":"https:\/\/viktor-solothurn.ch\/app\/uploads\/2023\/06\/CF_2023-1491-768x512.jpg","medium_large-width":768,"medium_large-height":512,"large":"https:\/\/viktor-solothurn.ch\/app\/uploads\/2023\/06\/CF_2023-1491-1024x683.jpg","large-width":1024,"large-height":683,"1536x1536":"https:\/\/viktor-solothurn.ch\/app\/uploads\/2023\/06\/CF_2023-1491-1536x1024.jpg","1536x1536-width":1536,"1536x1536-height":1024,"2048x2048":"https:\/\/viktor-solothurn.ch\/app\/uploads\/2023\/06\/CF_2023-1491-2048x1366.jpg","2048x2048-width":2048,"2048x2048-height":1366},"original_image":null},"image-mobile":{"ID":4226,"id":4226,"title":"CF_2023-1491","filename":"CF_2023-1491.jpg","filesize":3893486,"url":"https:\/\/viktor-solothurn.ch\/app\/uploads\/2023\/06\/CF_2023-1491.jpg","link":"https:\/\/viktor-solothurn.ch\/fr\/home\/cf_2023-1491-2\/","alt":"","author":"4","description":"","caption":"","name":"cf_2023-1491-2","status":"inherit","uploaded_to":3599,"date":"2023-06-02 08:13:56","modified":"2023-06-02 08:13:56","menu_order":0,"mime_type":"image\/jpeg","type":"image","subtype":"jpeg","icon":"https:\/\/viktor-solothurn.ch\/wp\/wp-includes\/images\/media\/default.png","width":2500,"height":1667,"sizes":{"thumbnail":"https:\/\/viktor-solothurn.ch\/app\/uploads\/2023\/06\/CF_2023-1491-150x150.jpg","thumbnail-width":150,"thumbnail-height":150,"medium":"https:\/\/viktor-solothurn.ch\/app\/uploads\/2023\/06\/CF_2023-1491-300x200.jpg","medium-width":300,"medium-height":200,"medium_large":"https:\/\/viktor-solothurn.ch\/app\/uploads\/2023\/06\/CF_2023-1491-768x512.jpg","medium_large-width":768,"medium_large-height":512,"large":"https:\/\/viktor-solothurn.ch\/app\/uploads\/2023\/06\/CF_2023-1491-1024x683.jpg","large-width":1024,"large-height":683,"1536x1536":"https:\/\/viktor-solothurn.ch\/app\/uploads\/2023\/06\/CF_2023-1491-1536x1024.jpg","1536x1536-width":1536,"1536x1536-height":1024,"2048x2048":"https:\/\/viktor-solothurn.ch\/app\/uploads\/2023\/06\/CF_2023-1491-2048x1366.jpg","2048x2048-width":2048,"2048x2048-height":1366},"original_image":null}},{"image":{"ID":4232,"id":4232,"title":"CF_2023-1386","filename":"CF_2023-1386.jpg","filesize":3115320,"url":"https:\/\/viktor-solothurn.ch\/app\/uploads\/2023\/06\/CF_2023-1386.jpg","link":"https:\/\/viktor-solothurn.ch\/fr\/home\/cf_2023-1386-2\/","alt":"","author":"4","description":"","caption":"","name":"cf_2023-1386-2","status":"inherit","uploaded_to":3599,"date":"2023-06-02 08:14:14","modified":"2023-06-02 08:14:14","menu_order":0,"mime_type":"image\/jpeg","type":"image","subtype":"jpeg","icon":"https:\/\/viktor-solothurn.ch\/wp\/wp-includes\/images\/media\/default.png","width":1667,"height":2500,"sizes":{"thumbnail":"https:\/\/viktor-solothurn.ch\/app\/uploads\/2023\/06\/CF_2023-1386-150x150.jpg","thumbnail-width":150,"thumbnail-height":150,"medium":"https:\/\/viktor-solothurn.ch\/app\/uploads\/2023\/06\/CF_2023-1386-200x300.jpg","medium-width":200,"medium-height":300,"medium_large":"https:\/\/viktor-solothurn.ch\/app\/uploads\/2023\/06\/CF_2023-1386-768x1152.jpg","medium_large-width":768,"medium_large-height":1152,"large":"https:\/\/viktor-solothurn.ch\/app\/uploads\/2023\/06\/CF_2023-1386-683x1024.jpg","large-width":683,"large-height":1024,"1536x1536":"https:\/\/viktor-solothurn.ch\/app\/uploads\/2023\/06\/CF_2023-1386-1024x1536.jpg","1536x1536-width":1024,"1536x1536-height":1536,"2048x2048":"https:\/\/viktor-solothurn.ch\/app\/uploads\/2023\/06\/CF_2023-1386-1366x2048.jpg","2048x2048-width":1366,"2048x2048-height":2048},"original_image":null},"image-mobile":{"ID":4232,"id":4232,"title":"CF_2023-1386","filename":"CF_2023-1386.jpg","filesize":3115320,"url":"https:\/\/viktor-solothurn.ch\/app\/uploads\/2023\/06\/CF_2023-1386.jpg","link":"https:\/\/viktor-solothurn.ch\/fr\/home\/cf_2023-1386-2\/","alt":"","author":"4","description":"","caption":"","name":"cf_2023-1386-2","status":"inherit","uploaded_to":3599,"date":"2023-06-02 08:14:14","modified":"2023-06-02 08:14:14","menu_order":0,"mime_type":"image\/jpeg","type":"image","subtype":"jpeg","icon":"https:\/\/viktor-solothurn.ch\/wp\/wp-includes\/images\/media\/default.png","width":1667,"height":2500,"sizes":{"thumbnail":"https:\/\/viktor-solothurn.ch\/app\/uploads\/2023\/06\/CF_2023-1386-150x150.jpg","thumbnail-width":150,"thumbnail-height":150,"medium":"https:\/\/viktor-solothurn.ch\/app\/uploads\/2023\/06\/CF_2023-1386-200x300.jpg","medium-width":200,"medium-height":300,"medium_large":"https:\/\/viktor-solothurn.ch\/app\/uploads\/2023\/06\/CF_2023-1386-768x1152.jpg","medium_large-width":768,"medium_large-height":1152,"large":"https:\/\/viktor-solothurn.ch\/app\/uploads\/2023\/06\/CF_2023-1386-683x1024.jpg","large-width":683,"large-height":1024,"1536x1536":"https:\/\/viktor-solothurn.ch\/app\/uploads\/2023\/06\/CF_2023-1386-1024x1536.jpg","1536x1536-width":1024,"1536x1536-height":1536,"2048x2048":"https:\/\/viktor-solothurn.ch\/app\/uploads\/2023\/06\/CF_2023-1386-1366x2048.jpg","2048x2048-width":1366,"2048x2048-height":2048},"original_image":null}},{"image":{"ID":4250,"id":4250,"title":"_MP_3640","filename":"MP_3640.jpg","filesize":2739156,"url":"https:\/\/viktor-solothurn.ch\/app\/uploads\/2023\/06\/MP_3640.jpg","link":"https:\/\/viktor-solothurn.ch\/fr\/home\/_mp_3640-2\/","alt":"","author":"4","description":"","caption":"","name":"_mp_3640-2","status":"inherit","uploaded_to":3599,"date":"2023-06-02 08:15:15","modified":"2023-06-02 08:15:15","menu_order":0,"mime_type":"image\/jpeg","type":"image","subtype":"jpeg","icon":"https:\/\/viktor-solothurn.ch\/wp\/wp-includes\/images\/media\/default.png","width":2500,"height":1667,"sizes":{"thumbnail":"https:\/\/viktor-solothurn.ch\/app\/uploads\/2023\/06\/MP_3640-150x150.jpg","thumbnail-width":150,"thumbnail-height":150,"medium":"https:\/\/viktor-solothurn.ch\/app\/uploads\/2023\/06\/MP_3640-300x200.jpg","medium-width":300,"medium-height":200,"medium_large":"https:\/\/viktor-solothurn.ch\/app\/uploads\/2023\/06\/MP_3640-768x512.jpg","medium_large-width":768,"medium_large-height":512,"large":"https:\/\/viktor-solothurn.ch\/app\/uploads\/2023\/06\/MP_3640-1024x683.jpg","large-width":1024,"large-height":683,"1536x1536":"https:\/\/viktor-solothurn.ch\/app\/uploads\/2023\/06\/MP_3640-1536x1024.jpg","1536x1536-width":1536,"1536x1536-height":1024,"2048x2048":"https:\/\/viktor-solothurn.ch\/app\/uploads\/2023\/06\/MP_3640-2048x1366.jpg","2048x2048-width":2048,"2048x2048-height":1366},"original_image":null},"image-mobile":{"ID":4250,"id":4250,"title":"_MP_3640","filename":"MP_3640.jpg","filesize":2739156,"url":"https:\/\/viktor-solothurn.ch\/app\/uploads\/2023\/06\/MP_3640.jpg","link":"https:\/\/viktor-solothurn.ch\/fr\/home\/_mp_3640-2\/","alt":"","author":"4","description":"","caption":"","name":"_mp_3640-2","status":"inherit","uploaded_to":3599,"date":"2023-06-02 08:15:15","modified":"2023-06-02 08:15:15","menu_order":0,"mime_type":"image\/jpeg","type":"image","subtype":"jpeg","icon":"https:\/\/viktor-solothurn.ch\/wp\/wp-includes\/images\/media\/default.png","width":2500,"height":1667,"sizes":{"thumbnail":"https:\/\/viktor-solothurn.ch\/app\/uploads\/2023\/06\/MP_3640-150x150.jpg","thumbnail-width":150,"thumbnail-height":150,"medium":"https:\/\/viktor-solothurn.ch\/app\/uploads\/2023\/06\/MP_3640-300x200.jpg","medium-width":300,"medium-height":200,"medium_large":"https:\/\/viktor-solothurn.ch\/app\/uploads\/2023\/06\/MP_3640-768x512.jpg","medium_large-width":768,"medium_large-height":512,"large":"https:\/\/viktor-solothurn.ch\/app\/uploads\/2023\/06\/MP_3640-1024x683.jpg","large-width":1024,"large-height":683,"1536x1536":"https:\/\/viktor-solothurn.ch\/app\/uploads\/2023\/06\/MP_3640-1536x1024.jpg","1536x1536-width":1536,"1536x1536-height":1024,"2048x2048":"https:\/\/viktor-solothurn.ch\/app\/uploads\/2023\/06\/MP_3640-2048x1366.jpg","2048x2048-width":2048,"2048x2048-height":1366},"original_image":null}},{"image":{"ID":3749,"id":3749,"title":"viktor-solothurn-gipfeli-special-coffee","filename":"viktor-solothurn-gipfeli-special-coffee.jpg","filesize":704412,"url":"https:\/\/viktor-solothurn.ch\/app\/uploads\/2022\/04\/viktor-solothurn-gipfeli-special-coffee.jpg","link":"https:\/\/viktor-solothurn.ch\/fr\/home\/viktor-solothurn-gipfeli-special-coffee-2\/","alt":"","author":"5","description":"","caption":"","name":"viktor-solothurn-gipfeli-special-coffee-2","status":"inherit","uploaded_to":3599,"date":"2022-04-05 09:20:57","modified":"2022-04-05 09:20:57","menu_order":0,"mime_type":"image\/jpeg","type":"image","subtype":"jpeg","icon":"https:\/\/viktor-solothurn.ch\/wp\/wp-includes\/images\/media\/default.png","width":1667,"height":2500,"sizes":{"thumbnail":"https:\/\/viktor-solothurn.ch\/app\/uploads\/2022\/04\/viktor-solothurn-gipfeli-special-coffee-150x150.jpg","thumbnail-width":150,"thumbnail-height":150,"medium":"https:\/\/viktor-solothurn.ch\/app\/uploads\/2022\/04\/viktor-solothurn-gipfeli-special-coffee-200x300.jpg","medium-width":200,"medium-height":300,"medium_large":"https:\/\/viktor-solothurn.ch\/app\/uploads\/2022\/04\/viktor-solothurn-gipfeli-special-coffee-768x1152.jpg","medium_large-width":768,"medium_large-height":1152,"large":"https:\/\/viktor-solothurn.ch\/app\/uploads\/2022\/04\/viktor-solothurn-gipfeli-special-coffee-683x1024.jpg","large-width":683,"large-height":1024,"1536x1536":"https:\/\/viktor-solothurn.ch\/app\/uploads\/2022\/04\/viktor-solothurn-gipfeli-special-coffee-1024x1536.jpg","1536x1536-width":1024,"1536x1536-height":1536,"2048x2048":"https:\/\/viktor-solothurn.ch\/app\/uploads\/2022\/04\/viktor-solothurn-gipfeli-special-coffee-1366x2048.jpg","2048x2048-width":1366,"2048x2048-height":2048},"original_image":null},"image-mobile":{"ID":3749,"id":3749,"title":"viktor-solothurn-gipfeli-special-coffee","filename":"viktor-solothurn-gipfeli-special-coffee.jpg","filesize":704412,"url":"https:\/\/viktor-solothurn.ch\/app\/uploads\/2022\/04\/viktor-solothurn-gipfeli-special-coffee.jpg","link":"https:\/\/viktor-solothurn.ch\/fr\/home\/viktor-solothurn-gipfeli-special-coffee-2\/","alt":"","author":"5","description":"","caption":"","name":"viktor-solothurn-gipfeli-special-coffee-2","status":"inherit","uploaded_to":3599,"date":"2022-04-05 09:20:57","modified":"2022-04-05 09:20:57","menu_order":0,"mime_type":"image\/jpeg","type":"image","subtype":"jpeg","icon":"https:\/\/viktor-solothurn.ch\/wp\/wp-includes\/images\/media\/default.png","width":1667,"height":2500,"sizes":{"thumbnail":"https:\/\/viktor-solothurn.ch\/app\/uploads\/2022\/04\/viktor-solothurn-gipfeli-special-coffee-150x150.jpg","thumbnail-width":150,"thumbnail-height":150,"medium":"https:\/\/viktor-solothurn.ch\/app\/uploads\/2022\/04\/viktor-solothurn-gipfeli-special-coffee-200x300.jpg","medium-width":200,"medium-height":300,"medium_large":"https:\/\/viktor-solothurn.ch\/app\/uploads\/2022\/04\/viktor-solothurn-gipfeli-special-coffee-768x1152.jpg","medium_large-width":768,"medium_large-height":1152,"large":"https:\/\/viktor-solothurn.ch\/app\/uploads\/2022\/04\/viktor-solothurn-gipfeli-special-coffee-683x1024.jpg","large-width":683,"large-height":1024,"1536x1536":"https:\/\/viktor-solothurn.ch\/app\/uploads\/2022\/04\/viktor-solothurn-gipfeli-special-coffee-1024x1536.jpg","1536x1536-width":1024,"1536x1536-height":1536,"2048x2048":"https:\/\/viktor-solothurn.ch\/app\/uploads\/2022\/04\/viktor-solothurn-gipfeli-special-coffee-1366x2048.jpg","2048x2048-width":1366,"2048x2048-height":2048},"original_image":null}},{"image":{"ID":4229,"id":4229,"title":"CF_2023-1427","filename":"CF_2023-1427.jpg","filesize":4183217,"url":"https:\/\/viktor-solothurn.ch\/app\/uploads\/2023\/06\/CF_2023-1427.jpg","link":"https:\/\/viktor-solothurn.ch\/fr\/home\/cf_2023-1427-2\/","alt":"","author":"4","description":"","caption":"","name":"cf_2023-1427-2","status":"inherit","uploaded_to":3599,"date":"2023-06-02 08:14:04","modified":"2023-06-02 08:14:04","menu_order":0,"mime_type":"image\/jpeg","type":"image","subtype":"jpeg","icon":"https:\/\/viktor-solothurn.ch\/wp\/wp-includes\/images\/media\/default.png","width":2500,"height":1667,"sizes":{"thumbnail":"https:\/\/viktor-solothurn.ch\/app\/uploads\/2023\/06\/CF_2023-1427-150x150.jpg","thumbnail-width":150,"thumbnail-height":150,"medium":"https:\/\/viktor-solothurn.ch\/app\/uploads\/2023\/06\/CF_2023-1427-300x200.jpg","medium-width":300,"medium-height":200,"medium_large":"https:\/\/viktor-solothurn.ch\/app\/uploads\/2023\/06\/CF_2023-1427-768x512.jpg","medium_large-width":768,"medium_large-height":512,"large":"https:\/\/viktor-solothurn.ch\/app\/uploads\/2023\/06\/CF_2023-1427-1024x683.jpg","large-width":1024,"large-height":683,"1536x1536":"https:\/\/viktor-solothurn.ch\/app\/uploads\/2023\/06\/CF_2023-1427-1536x1024.jpg","1536x1536-width":1536,"1536x1536-height":1024,"2048x2048":"https:\/\/viktor-solothurn.ch\/app\/uploads\/2023\/06\/CF_2023-1427-2048x1366.jpg","2048x2048-width":2048,"2048x2048-height":1366},"original_image":null},"image-mobile":{"ID":4229,"id":4229,"title":"CF_2023-1427","filename":"CF_2023-1427.jpg","filesize":4183217,"url":"https:\/\/viktor-solothurn.ch\/app\/uploads\/2023\/06\/CF_2023-1427.jpg","link":"https:\/\/viktor-solothurn.ch\/fr\/home\/cf_2023-1427-2\/","alt":"","author":"4","description":"","caption":"","name":"cf_2023-1427-2","status":"inherit","uploaded_to":3599,"date":"2023-06-02 08:14:04","modified":"2023-06-02 08:14:04","menu_order":0,"mime_type":"image\/jpeg","type":"image","subtype":"jpeg","icon":"https:\/\/viktor-solothurn.ch\/wp\/wp-includes\/images\/media\/default.png","width":2500,"height":1667,"sizes":{"thumbnail":"https:\/\/viktor-solothurn.ch\/app\/uploads\/2023\/06\/CF_2023-1427-150x150.jpg","thumbnail-width":150,"thumbnail-height":150,"medium":"https:\/\/viktor-solothurn.ch\/app\/uploads\/2023\/06\/CF_2023-1427-300x200.jpg","medium-width":300,"medium-height":200,"medium_large":"https:\/\/viktor-solothurn.ch\/app\/uploads\/2023\/06\/CF_2023-1427-768x512.jpg","medium_large-width":768,"medium_large-height":512,"large":"https:\/\/viktor-solothurn.ch\/app\/uploads\/2023\/06\/CF_2023-1427-1024x683.jpg","large-width":1024,"large-height":683,"1536x1536":"https:\/\/viktor-solothurn.ch\/app\/uploads\/2023\/06\/CF_2023-1427-1536x1024.jpg","1536x1536-width":1536,"1536x1536-height":1024,"2048x2048":"https:\/\/viktor-solothurn.ch\/app\/uploads\/2023\/06\/CF_2023-1427-2048x1366.jpg","2048x2048-width":2048,"2048x2048-height":1366},"original_image":null}},{"image":{"ID":4235,"id":4235,"title":"CF_2023-1379","filename":"CF_2023-1379.jpg","filesize":3560853,"url":"https:\/\/viktor-solothurn.ch\/app\/uploads\/2023\/06\/CF_2023-1379.jpg","link":"https:\/\/viktor-solothurn.ch\/fr\/home\/cf_2023-1379-2\/","alt":"","author":"4","description":"","caption":"","name":"cf_2023-1379-2","status":"inherit","uploaded_to":3599,"date":"2023-06-02 08:14:22","modified":"2023-06-02 08:14:22","menu_order":0,"mime_type":"image\/jpeg","type":"image","subtype":"jpeg","icon":"https:\/\/viktor-solothurn.ch\/wp\/wp-includes\/images\/media\/default.png","width":1667,"height":2500,"sizes":{"thumbnail":"https:\/\/viktor-solothurn.ch\/app\/uploads\/2023\/06\/CF_2023-1379-150x150.jpg","thumbnail-width":150,"thumbnail-height":150,"medium":"https:\/\/viktor-solothurn.ch\/app\/uploads\/2023\/06\/CF_2023-1379-200x300.jpg","medium-width":200,"medium-height":300,"medium_large":"https:\/\/viktor-solothurn.ch\/app\/uploads\/2023\/06\/CF_2023-1379-768x1152.jpg","medium_large-width":768,"medium_large-height":1152,"large":"https:\/\/viktor-solothurn.ch\/app\/uploads\/2023\/06\/CF_2023-1379-683x1024.jpg","large-width":683,"large-height":1024,"1536x1536":"https:\/\/viktor-solothurn.ch\/app\/uploads\/2023\/06\/CF_2023-1379-1024x1536.jpg","1536x1536-width":1024,"1536x1536-height":1536,"2048x2048":"https:\/\/viktor-solothurn.ch\/app\/uploads\/2023\/06\/CF_2023-1379-1366x2048.jpg","2048x2048-width":1366,"2048x2048-height":2048},"original_image":null},"image-mobile":{"ID":4235,"id":4235,"title":"CF_2023-1379","filename":"CF_2023-1379.jpg","filesize":3560853,"url":"https:\/\/viktor-solothurn.ch\/app\/uploads\/2023\/06\/CF_2023-1379.jpg","link":"https:\/\/viktor-solothurn.ch\/fr\/home\/cf_2023-1379-2\/","alt":"","author":"4","description":"","caption":"","name":"cf_2023-1379-2","status":"inherit","uploaded_to":3599,"date":"2023-06-02 08:14:22","modified":"2023-06-02 08:14:22","menu_order":0,"mime_type":"image\/jpeg","type":"image","subtype":"jpeg","icon":"https:\/\/viktor-solothurn.ch\/wp\/wp-includes\/images\/media\/default.png","width":1667,"height":2500,"sizes":{"thumbnail":"https:\/\/viktor-solothurn.ch\/app\/uploads\/2023\/06\/CF_2023-1379-150x150.jpg","thumbnail-width":150,"thumbnail-height":150,"medium":"https:\/\/viktor-solothurn.ch\/app\/uploads\/2023\/06\/CF_2023-1379-200x300.jpg","medium-width":200,"medium-height":300,"medium_large":"https:\/\/viktor-solothurn.ch\/app\/uploads\/2023\/06\/CF_2023-1379-768x1152.jpg","medium_large-width":768,"medium_large-height":1152,"large":"https:\/\/viktor-solothurn.ch\/app\/uploads\/2023\/06\/CF_2023-1379-683x1024.jpg","large-width":683,"large-height":1024,"1536x1536":"https:\/\/viktor-solothurn.ch\/app\/uploads\/2023\/06\/CF_2023-1379-1024x1536.jpg","1536x1536-width":1024,"1536x1536-height":1536,"2048x2048":"https:\/\/viktor-solothurn.ch\/app\/uploads\/2023\/06\/CF_2023-1379-1366x2048.jpg","2048x2048-width":1366,"2048x2048-height":2048},"original_image":null}},{"image":{"ID":3375,"id":3375,"title":"Viktor_Solothurn_Cafebar_ Takeaway_Kaffee","filename":"Viktor_Solothurn_Cafebar_-Takeaway_Kaffee.jpg","filesize":393556,"url":"https:\/\/viktor-solothurn.ch\/app\/uploads\/2021\/11\/Viktor_Solothurn_Cafebar_-Takeaway_Kaffee.jpg","link":"https:\/\/viktor-solothurn.ch\/fr\/home\/viktor_solothurn_cafebar_-takeaway_kaffee-2\/","alt":"","author":"4","description":"","caption":"","name":"viktor_solothurn_cafebar_-takeaway_kaffee-2","status":"inherit","uploaded_to":3599,"date":"2021-11-15 13:00:13","modified":"2021-11-15 13:00:13","menu_order":0,"mime_type":"image\/jpeg","type":"image","subtype":"jpeg","icon":"https:\/\/viktor-solothurn.ch\/wp\/wp-includes\/images\/media\/default.png","width":1667,"height":2500,"sizes":{"thumbnail":"https:\/\/viktor-solothurn.ch\/app\/uploads\/2021\/11\/Viktor_Solothurn_Cafebar_-Takeaway_Kaffee-150x150.jpg","thumbnail-width":150,"thumbnail-height":150,"medium":"https:\/\/viktor-solothurn.ch\/app\/uploads\/2021\/11\/Viktor_Solothurn_Cafebar_-Takeaway_Kaffee-200x300.jpg","medium-width":200,"medium-height":300,"medium_large":"https:\/\/viktor-solothurn.ch\/app\/uploads\/2021\/11\/Viktor_Solothurn_Cafebar_-Takeaway_Kaffee-768x1152.jpg","medium_large-width":768,"medium_large-height":1152,"large":"https:\/\/viktor-solothurn.ch\/app\/uploads\/2021\/11\/Viktor_Solothurn_Cafebar_-Takeaway_Kaffee-683x1024.jpg","large-width":683,"large-height":1024,"1536x1536":"https:\/\/viktor-solothurn.ch\/app\/uploads\/2021\/11\/Viktor_Solothurn_Cafebar_-Takeaway_Kaffee-1024x1536.jpg","1536x1536-width":1024,"1536x1536-height":1536,"2048x2048":"https:\/\/viktor-solothurn.ch\/app\/uploads\/2021\/11\/Viktor_Solothurn_Cafebar_-Takeaway_Kaffee-1366x2048.jpg","2048x2048-width":1366,"2048x2048-height":2048},"original_image":null},"image-mobile":{"ID":3375,"id":3375,"title":"Viktor_Solothurn_Cafebar_ Takeaway_Kaffee","filename":"Viktor_Solothurn_Cafebar_-Takeaway_Kaffee.jpg","filesize":393556,"url":"https:\/\/viktor-solothurn.ch\/app\/uploads\/2021\/11\/Viktor_Solothurn_Cafebar_-Takeaway_Kaffee.jpg","link":"https:\/\/viktor-solothurn.ch\/fr\/home\/viktor_solothurn_cafebar_-takeaway_kaffee-2\/","alt":"","author":"4","description":"","caption":"","name":"viktor_solothurn_cafebar_-takeaway_kaffee-2","status":"inherit","uploaded_to":3599,"date":"2021-11-15 13:00:13","modified":"2021-11-15 13:00:13","menu_order":0,"mime_type":"image\/jpeg","type":"image","subtype":"jpeg","icon":"https:\/\/viktor-solothurn.ch\/wp\/wp-includes\/images\/media\/default.png","width":1667,"height":2500,"sizes":{"thumbnail":"https:\/\/viktor-solothurn.ch\/app\/uploads\/2021\/11\/Viktor_Solothurn_Cafebar_-Takeaway_Kaffee-150x150.jpg","thumbnail-width":150,"thumbnail-height":150,"medium":"https:\/\/viktor-solothurn.ch\/app\/uploads\/2021\/11\/Viktor_Solothurn_Cafebar_-Takeaway_Kaffee-200x300.jpg","medium-width":200,"medium-height":300,"medium_large":"https:\/\/viktor-solothurn.ch\/app\/uploads\/2021\/11\/Viktor_Solothurn_Cafebar_-Takeaway_Kaffee-768x1152.jpg","medium_large-width":768,"medium_large-height":1152,"large":"https:\/\/viktor-solothurn.ch\/app\/uploads\/2021\/11\/Viktor_Solothurn_Cafebar_-Takeaway_Kaffee-683x1024.jpg","large-width":683,"large-height":1024,"1536x1536":"https:\/\/viktor-solothurn.ch\/app\/uploads\/2021\/11\/Viktor_Solothurn_Cafebar_-Takeaway_Kaffee-1024x1536.jpg","1536x1536-width":1024,"1536x1536-height":1536,"2048x2048":"https:\/\/viktor-solothurn.ch\/app\/uploads\/2021\/11\/Viktor_Solothurn_Cafebar_-Takeaway_Kaffee-1366x2048.jpg","2048x2048-width":1366,"2048x2048-height":2048},"original_image":null}}]}},{"acf_fc_layout":"collection-teaser","collection-teaser":{"":null,"lead":"<h2>Fra\u00eecheur et saisonnalit\u00e9<\/h2>\n<p><span style=\"font-weight: 400;\">Peu avant l\u2019heure du d\u00e9jeuner et jusqu\u2019au soir non-stop, le Viktor vous propose de d\u00e9licieux snacks:<\/span><\/p>\n","link":{"title":"D\u00e9couvrir le menu","url":"\/fr\/manger-et-boire\/","target":""},"teasers":[{"title":"Quiche","cta":{"link":"","icon":"restaurant"},"image":{"ID":3817,"id":3817,"title":"viktor-solothurn-quiche-809-aspect-ratio-809-689","filename":"viktor-solothurn-quiche-809-aspect-ratio-809-689-2.jpg","filesize":147899,"url":"https:\/\/viktor-solothurn.ch\/app\/uploads\/2022\/04\/viktor-solothurn-quiche-809-aspect-ratio-809-689-2.jpg","link":"https:\/\/viktor-solothurn.ch\/fr\/home\/viktor-solothurn-quiche-809-aspect-ratio-809-689-3\/","alt":"","author":"5","description":"","caption":"","name":"viktor-solothurn-quiche-809-aspect-ratio-809-689-3","status":"inherit","uploaded_to":3599,"date":"2022-04-05 12:08:48","modified":"2022-04-05 12:09:55","menu_order":0,"mime_type":"image\/jpeg","type":"image","subtype":"jpeg","icon":"https:\/\/viktor-solothurn.ch\/wp\/wp-includes\/images\/media\/default.png","width":809,"height":690,"sizes":{"thumbnail":"https:\/\/viktor-solothurn.ch\/app\/uploads\/2022\/04\/viktor-solothurn-quiche-809-aspect-ratio-809-689-2-150x150.jpg","thumbnail-width":150,"thumbnail-height":150,"medium":"https:\/\/viktor-solothurn.ch\/app\/uploads\/2022\/04\/viktor-solothurn-quiche-809-aspect-ratio-809-689-2-300x256.jpg","medium-width":300,"medium-height":256,"medium_large":"https:\/\/viktor-solothurn.ch\/app\/uploads\/2022\/04\/viktor-solothurn-quiche-809-aspect-ratio-809-689-2-768x655.jpg","medium_large-width":768,"medium_large-height":655,"large":"https:\/\/viktor-solothurn.ch\/app\/uploads\/2022\/04\/viktor-solothurn-quiche-809-aspect-ratio-809-689-2.jpg","large-width":809,"large-height":690,"1536x1536":"https:\/\/viktor-solothurn.ch\/app\/uploads\/2022\/04\/viktor-solothurn-quiche-809-aspect-ratio-809-689-2.jpg","1536x1536-width":809,"1536x1536-height":690,"2048x2048":"https:\/\/viktor-solothurn.ch\/app\/uploads\/2022\/04\/viktor-solothurn-quiche-809-aspect-ratio-809-689-2.jpg","2048x2048-width":809,"2048x2048-height":690},"original_image":{"ID":3778,"id":3778,"title":"viktor-solothurn-quiche-809","filename":"viktor-solothurn-quiche-809.jpg","filesize":195313,"url":"https:\/\/viktor-solothurn.ch\/app\/uploads\/2022\/04\/viktor-solothurn-quiche-809.jpg","link":"https:\/\/viktor-solothurn.ch\/fr\/home\/viktor-solothurn-quiche-809-2\/","alt":"","author":"5","description":"","caption":"","name":"viktor-solothurn-quiche-809-2","status":"inherit","uploaded_to":3599,"date":"2022-04-05 11:49:57","modified":"2022-04-05 11:49:57","menu_order":0,"mime_type":"image\/jpeg","type":"image","subtype":"jpeg","icon":"https:\/\/viktor-solothurn.ch\/wp\/wp-includes\/images\/media\/default.png","width":809,"height":768,"sizes":{"thumbnail":"https:\/\/viktor-solothurn.ch\/app\/uploads\/2022\/04\/viktor-solothurn-quiche-809-150x150.jpg","thumbnail-width":150,"thumbnail-height":150,"medium":"https:\/\/viktor-solothurn.ch\/app\/uploads\/2022\/04\/viktor-solothurn-quiche-809-300x285.jpg","medium-width":300,"medium-height":285,"medium_large":"https:\/\/viktor-solothurn.ch\/app\/uploads\/2022\/04\/viktor-solothurn-quiche-809-768x729.jpg","medium_large-width":768,"medium_large-height":729,"large":"https:\/\/viktor-solothurn.ch\/app\/uploads\/2022\/04\/viktor-solothurn-quiche-809.jpg","large-width":809,"large-height":768,"1536x1536":"https:\/\/viktor-solothurn.ch\/app\/uploads\/2022\/04\/viktor-solothurn-quiche-809.jpg","1536x1536-width":809,"1536x1536-height":768,"2048x2048":"https:\/\/viktor-solothurn.ch\/app\/uploads\/2022\/04\/viktor-solothurn-quiche-809.jpg","2048x2048-width":809,"2048x2048-height":768}}},"image-mobile":{"ID":3784,"id":3784,"title":"viktor-solothurn-quiche-756","filename":"viktor-solothurn-quiche-756.jpg","filesize":155473,"url":"https:\/\/viktor-solothurn.ch\/app\/uploads\/2022\/04\/viktor-solothurn-quiche-756.jpg","link":"https:\/\/viktor-solothurn.ch\/fr\/home\/viktor-solothurn-quiche-756-2\/","alt":"","author":"5","description":"","caption":"","name":"viktor-solothurn-quiche-756-2","status":"inherit","uploaded_to":3599,"date":"2022-04-05 11:50:29","modified":"2022-04-05 11:50:29","menu_order":0,"mime_type":"image\/jpeg","type":"image","subtype":"jpeg","icon":"https:\/\/viktor-solothurn.ch\/wp\/wp-includes\/images\/media\/default.png","width":630,"height":756,"sizes":{"thumbnail":"https:\/\/viktor-solothurn.ch\/app\/uploads\/2022\/04\/viktor-solothurn-quiche-756-150x150.jpg","thumbnail-width":150,"thumbnail-height":150,"medium":"https:\/\/viktor-solothurn.ch\/app\/uploads\/2022\/04\/viktor-solothurn-quiche-756-250x300.jpg","medium-width":250,"medium-height":300,"medium_large":"https:\/\/viktor-solothurn.ch\/app\/uploads\/2022\/04\/viktor-solothurn-quiche-756.jpg","medium_large-width":630,"medium_large-height":756,"large":"https:\/\/viktor-solothurn.ch\/app\/uploads\/2022\/04\/viktor-solothurn-quiche-756.jpg","large-width":630,"large-height":756,"1536x1536":"https:\/\/viktor-solothurn.ch\/app\/uploads\/2022\/04\/viktor-solothurn-quiche-756.jpg","1536x1536-width":630,"1536x1536-height":756,"2048x2048":"https:\/\/viktor-solothurn.ch\/app\/uploads\/2022\/04\/viktor-solothurn-quiche-756.jpg","2048x2048-width":630,"2048x2048-height":756},"original_image":null}},{"title":"Tranches de pain ","cta":{"link":"","icon":"restaurant"},"image":{"ID":3811,"id":3811,"title":"viktor-solothurn-schnitte-809-aspect-ratio-809-689","filename":"viktor-solothurn-schnitte-809-aspect-ratio-809-689-1.jpg","filesize":121841,"url":"https:\/\/viktor-solothurn.ch\/app\/uploads\/2022\/04\/viktor-solothurn-schnitte-809-aspect-ratio-809-689-1.jpg","link":"https:\/\/viktor-solothurn.ch\/fr\/home\/viktor-solothurn-schnitte-809-aspect-ratio-809-689\/","alt":"","author":"5","description":"","caption":"","name":"viktor-solothurn-schnitte-809-aspect-ratio-809-689","status":"inherit","uploaded_to":3599,"date":"2022-04-05 12:08:21","modified":"2022-04-05 12:09:55","menu_order":0,"mime_type":"image\/jpeg","type":"image","subtype":"jpeg","icon":"https:\/\/viktor-solothurn.ch\/wp\/wp-includes\/images\/media\/default.png","width":809,"height":690,"sizes":{"thumbnail":"https:\/\/viktor-solothurn.ch\/app\/uploads\/2022\/04\/viktor-solothurn-schnitte-809-aspect-ratio-809-689-1-150x150.jpg","thumbnail-width":150,"thumbnail-height":150,"medium":"https:\/\/viktor-solothurn.ch\/app\/uploads\/2022\/04\/viktor-solothurn-schnitte-809-aspect-ratio-809-689-1-300x256.jpg","medium-width":300,"medium-height":256,"medium_large":"https:\/\/viktor-solothurn.ch\/app\/uploads\/2022\/04\/viktor-solothurn-schnitte-809-aspect-ratio-809-689-1-768x655.jpg","medium_large-width":768,"medium_large-height":655,"large":"https:\/\/viktor-solothurn.ch\/app\/uploads\/2022\/04\/viktor-solothurn-schnitte-809-aspect-ratio-809-689-1.jpg","large-width":809,"large-height":690,"1536x1536":"https:\/\/viktor-solothurn.ch\/app\/uploads\/2022\/04\/viktor-solothurn-schnitte-809-aspect-ratio-809-689-1.jpg","1536x1536-width":809,"1536x1536-height":690,"2048x2048":"https:\/\/viktor-solothurn.ch\/app\/uploads\/2022\/04\/viktor-solothurn-schnitte-809-aspect-ratio-809-689-1.jpg","2048x2048-width":809,"2048x2048-height":690},"original_image":{"ID":3791,"id":3791,"title":"viktor-solothurn-schnitte-809","filename":"viktor-solothurn-schnitte-809.jpg","filesize":157781,"url":"https:\/\/viktor-solothurn.ch\/app\/uploads\/2022\/04\/viktor-solothurn-schnitte-809.jpg","link":"https:\/\/viktor-solothurn.ch\/fr\/home\/viktor-solothurn-schnitte-809-2\/","alt":"","author":"5","description":"","caption":"","name":"viktor-solothurn-schnitte-809-2","status":"inherit","uploaded_to":3599,"date":"2022-04-05 11:56:22","modified":"2022-04-05 11:56:22","menu_order":0,"mime_type":"image\/jpeg","type":"image","subtype":"jpeg","icon":"https:\/\/viktor-solothurn.ch\/wp\/wp-includes\/images\/media\/default.png","width":809,"height":768,"sizes":{"thumbnail":"https:\/\/viktor-solothurn.ch\/app\/uploads\/2022\/04\/viktor-solothurn-schnitte-809-150x150.jpg","thumbnail-width":150,"thumbnail-height":150,"medium":"https:\/\/viktor-solothurn.ch\/app\/uploads\/2022\/04\/viktor-solothurn-schnitte-809-300x285.jpg","medium-width":300,"medium-height":285,"medium_large":"https:\/\/viktor-solothurn.ch\/app\/uploads\/2022\/04\/viktor-solothurn-schnitte-809-768x729.jpg","medium_large-width":768,"medium_large-height":729,"large":"https:\/\/viktor-solothurn.ch\/app\/uploads\/2022\/04\/viktor-solothurn-schnitte-809.jpg","large-width":809,"large-height":768,"1536x1536":"https:\/\/viktor-solothurn.ch\/app\/uploads\/2022\/04\/viktor-solothurn-schnitte-809.jpg","1536x1536-width":809,"1536x1536-height":768,"2048x2048":"https:\/\/viktor-solothurn.ch\/app\/uploads\/2022\/04\/viktor-solothurn-schnitte-809.jpg","2048x2048-width":809,"2048x2048-height":768}}},"image-mobile":{"ID":3788,"id":3788,"title":"viktor-solothurn-schnitte-756","filename":"viktor-solothurn-schnitte-756.jpg","filesize":126741,"url":"https:\/\/viktor-solothurn.ch\/app\/uploads\/2022\/04\/viktor-solothurn-schnitte-756.jpg","link":"https:\/\/viktor-solothurn.ch\/fr\/home\/viktor-solothurn-schnitte-756-2\/","alt":"","author":"5","description":"","caption":"","name":"viktor-solothurn-schnitte-756-2","status":"inherit","uploaded_to":3599,"date":"2022-04-05 11:56:20","modified":"2022-04-05 11:56:20","menu_order":0,"mime_type":"image\/jpeg","type":"image","subtype":"jpeg","icon":"https:\/\/viktor-solothurn.ch\/wp\/wp-includes\/images\/media\/default.png","width":630,"height":756,"sizes":{"thumbnail":"https:\/\/viktor-solothurn.ch\/app\/uploads\/2022\/04\/viktor-solothurn-schnitte-756-150x150.jpg","thumbnail-width":150,"thumbnail-height":150,"medium":"https:\/\/viktor-solothurn.ch\/app\/uploads\/2022\/04\/viktor-solothurn-schnitte-756-250x300.jpg","medium-width":250,"medium-height":300,"medium_large":"https:\/\/viktor-solothurn.ch\/app\/uploads\/2022\/04\/viktor-solothurn-schnitte-756.jpg","medium_large-width":630,"medium_large-height":756,"large":"https:\/\/viktor-solothurn.ch\/app\/uploads\/2022\/04\/viktor-solothurn-schnitte-756.jpg","large-width":630,"large-height":756,"1536x1536":"https:\/\/viktor-solothurn.ch\/app\/uploads\/2022\/04\/viktor-solothurn-schnitte-756.jpg","1536x1536-width":630,"1536x1536-height":756,"2048x2048":"https:\/\/viktor-solothurn.ch\/app\/uploads\/2022\/04\/viktor-solothurn-schnitte-756.jpg","2048x2048-width":630,"2048x2048-height":756},"original_image":null}},{"title":"Croissants","cta":{"link":"","icon":"restaurant"},"image":{"ID":3814,"id":3814,"title":"viktor-solothurn-gipfeli-809-1-aspect-ratio-809-689","filename":"viktor-solothurn-gipfeli-809-1-aspect-ratio-809-689-1.jpg","filesize":144334,"url":"https:\/\/viktor-solothurn.ch\/app\/uploads\/2022\/04\/viktor-solothurn-gipfeli-809-1-aspect-ratio-809-689-1.jpg","link":"https:\/\/viktor-solothurn.ch\/fr\/home\/viktor-solothurn-gipfeli-809-1-aspect-ratio-809-689\/","alt":"","author":"5","description":"","caption":"","name":"viktor-solothurn-gipfeli-809-1-aspect-ratio-809-689","status":"inherit","uploaded_to":3599,"date":"2022-04-05 12:08:37","modified":"2022-04-05 12:09:55","menu_order":0,"mime_type":"image\/jpeg","type":"image","subtype":"jpeg","icon":"https:\/\/viktor-solothurn.ch\/wp\/wp-includes\/images\/media\/default.png","width":809,"height":689,"sizes":{"thumbnail":"https:\/\/viktor-solothurn.ch\/app\/uploads\/2022\/04\/viktor-solothurn-gipfeli-809-1-aspect-ratio-809-689-1-150x150.jpg","thumbnail-width":150,"thumbnail-height":150,"medium":"https:\/\/viktor-solothurn.ch\/app\/uploads\/2022\/04\/viktor-solothurn-gipfeli-809-1-aspect-ratio-809-689-1-300x256.jpg","medium-width":300,"medium-height":256,"medium_large":"https:\/\/viktor-solothurn.ch\/app\/uploads\/2022\/04\/viktor-solothurn-gipfeli-809-1-aspect-ratio-809-689-1-768x654.jpg","medium_large-width":768,"medium_large-height":654,"large":"https:\/\/viktor-solothurn.ch\/app\/uploads\/2022\/04\/viktor-solothurn-gipfeli-809-1-aspect-ratio-809-689-1.jpg","large-width":809,"large-height":689,"1536x1536":"https:\/\/viktor-solothurn.ch\/app\/uploads\/2022\/04\/viktor-solothurn-gipfeli-809-1-aspect-ratio-809-689-1.jpg","1536x1536-width":809,"1536x1536-height":689,"2048x2048":"https:\/\/viktor-solothurn.ch\/app\/uploads\/2022\/04\/viktor-solothurn-gipfeli-809-1-aspect-ratio-809-689-1.jpg","2048x2048-width":809,"2048x2048-height":689},"original_image":{"ID":3803,"id":3803,"title":"viktor-solothurn-gipfeli-809","filename":"viktor-solothurn-gipfeli-809-1.jpg","filesize":191210,"url":"https:\/\/viktor-solothurn.ch\/app\/uploads\/2022\/04\/viktor-solothurn-gipfeli-809-1.jpg","link":"https:\/\/viktor-solothurn.ch\/fr\/home\/viktor-solothurn-gipfeli-809-2\/","alt":"","author":"5","description":"","caption":"","name":"viktor-solothurn-gipfeli-809-2","status":"inherit","uploaded_to":3599,"date":"2022-04-05 12:03:45","modified":"2022-04-05 12:03:45","menu_order":0,"mime_type":"image\/jpeg","type":"image","subtype":"jpeg","icon":"https:\/\/viktor-solothurn.ch\/wp\/wp-includes\/images\/media\/default.png","width":809,"height":768,"sizes":{"thumbnail":"https:\/\/viktor-solothurn.ch\/app\/uploads\/2022\/04\/viktor-solothurn-gipfeli-809-1-150x150.jpg","thumbnail-width":150,"thumbnail-height":150,"medium":"https:\/\/viktor-solothurn.ch\/app\/uploads\/2022\/04\/viktor-solothurn-gipfeli-809-1-300x285.jpg","medium-width":300,"medium-height":285,"medium_large":"https:\/\/viktor-solothurn.ch\/app\/uploads\/2022\/04\/viktor-solothurn-gipfeli-809-1-768x729.jpg","medium_large-width":768,"medium_large-height":729,"large":"https:\/\/viktor-solothurn.ch\/app\/uploads\/2022\/04\/viktor-solothurn-gipfeli-809-1.jpg","large-width":809,"large-height":768,"1536x1536":"https:\/\/viktor-solothurn.ch\/app\/uploads\/2022\/04\/viktor-solothurn-gipfeli-809-1.jpg","1536x1536-width":809,"1536x1536-height":768,"2048x2048":"https:\/\/viktor-solothurn.ch\/app\/uploads\/2022\/04\/viktor-solothurn-gipfeli-809-1.jpg","2048x2048-width":809,"2048x2048-height":768}}},"image-mobile":{"ID":3797,"id":3797,"title":"viktor-solothurn-gipfeli-756","filename":"viktor-solothurn-gipfeli-756.jpg","filesize":165064,"url":"https:\/\/viktor-solothurn.ch\/app\/uploads\/2022\/04\/viktor-solothurn-gipfeli-756.jpg","link":"https:\/\/viktor-solothurn.ch\/fr\/home\/viktor-solothurn-gipfeli-756-2\/","alt":"","author":"5","description":"","caption":"","name":"viktor-solothurn-gipfeli-756-2","status":"inherit","uploaded_to":3599,"date":"2022-04-05 12:02:05","modified":"2022-04-05 12:02:05","menu_order":0,"mime_type":"image\/jpeg","type":"image","subtype":"jpeg","icon":"https:\/\/viktor-solothurn.ch\/wp\/wp-includes\/images\/media\/default.png","width":674,"height":809,"sizes":{"thumbnail":"https:\/\/viktor-solothurn.ch\/app\/uploads\/2022\/04\/viktor-solothurn-gipfeli-756-150x150.jpg","thumbnail-width":150,"thumbnail-height":150,"medium":"https:\/\/viktor-solothurn.ch\/app\/uploads\/2022\/04\/viktor-solothurn-gipfeli-756-250x300.jpg","medium-width":250,"medium-height":300,"medium_large":"https:\/\/viktor-solothurn.ch\/app\/uploads\/2022\/04\/viktor-solothurn-gipfeli-756.jpg","medium_large-width":674,"medium_large-height":809,"large":"https:\/\/viktor-solothurn.ch\/app\/uploads\/2022\/04\/viktor-solothurn-gipfeli-756.jpg","large-width":674,"large-height":809,"1536x1536":"https:\/\/viktor-solothurn.ch\/app\/uploads\/2022\/04\/viktor-solothurn-gipfeli-756.jpg","1536x1536-width":674,"1536x1536-height":809,"2048x2048":"https:\/\/viktor-solothurn.ch\/app\/uploads\/2022\/04\/viktor-solothurn-gipfeli-756.jpg","2048x2048-width":674,"2048x2048-height":809},"original_image":null}}]}}],"home_elements":{"elements":[{"acf_fc_layout":"row-image-slider","row-image-slider":{"":null,"lead":"<h2>Les plaisirs de la table<\/h2>\n<p>Chez nous, la fra\u00eecheur et la saisonnalit\u00e9 sont au centre des pr\u00e9occupations &#8211; et ce, chaque jour, pr\u00e9par\u00e9es maison dans notre propre four ou pr\u00e9par\u00e9es dans les catacombes culinaires de notre grande s\u0153ur Salzhaus.<\/p>\n","images":[{"image":{"ID":4226,"id":4226,"title":"CF_2023-1491","filename":"CF_2023-1491.jpg","filesize":3893486,"url":"https:\/\/viktor-solothurn.ch\/app\/uploads\/2023\/06\/CF_2023-1491.jpg","link":"https:\/\/viktor-solothurn.ch\/fr\/home\/cf_2023-1491-2\/","alt":"","author":"4","description":"","caption":"","name":"cf_2023-1491-2","status":"inherit","uploaded_to":3599,"date":"2023-06-02 08:13:56","modified":"2023-06-02 08:13:56","menu_order":0,"mime_type":"image\/jpeg","type":"image","subtype":"jpeg","icon":"https:\/\/viktor-solothurn.ch\/wp\/wp-includes\/images\/media\/default.png","width":2500,"height":1667,"sizes":{"thumbnail":"https:\/\/viktor-solothurn.ch\/app\/uploads\/2023\/06\/CF_2023-1491-150x150.jpg","thumbnail-width":150,"thumbnail-height":150,"medium":"https:\/\/viktor-solothurn.ch\/app\/uploads\/2023\/06\/CF_2023-1491-300x200.jpg","medium-width":300,"medium-height":200,"medium_large":"https:\/\/viktor-solothurn.ch\/app\/uploads\/2023\/06\/CF_2023-1491-768x512.jpg","medium_large-width":768,"medium_large-height":512,"large":"https:\/\/viktor-solothurn.ch\/app\/uploads\/2023\/06\/CF_2023-1491-1024x683.jpg","large-width":1024,"large-height":683,"1536x1536":"https:\/\/viktor-solothurn.ch\/app\/uploads\/2023\/06\/CF_2023-1491-1536x1024.jpg","1536x1536-width":1536,"1536x1536-height":1024,"2048x2048":"https:\/\/viktor-solothurn.ch\/app\/uploads\/2023\/06\/CF_2023-1491-2048x1366.jpg","2048x2048-width":2048,"2048x2048-height":1366},"original_image":null},"image-mobile":{"ID":4226,"id":4226,"title":"CF_2023-1491","filename":"CF_2023-1491.jpg","filesize":3893486,"url":"https:\/\/viktor-solothurn.ch\/app\/uploads\/2023\/06\/CF_2023-1491.jpg","link":"https:\/\/viktor-solothurn.ch\/fr\/home\/cf_2023-1491-2\/","alt":"","author":"4","description":"","caption":"","name":"cf_2023-1491-2","status":"inherit","uploaded_to":3599,"date":"2023-06-02 08:13:56","modified":"2023-06-02 08:13:56","menu_order":0,"mime_type":"image\/jpeg","type":"image","subtype":"jpeg","icon":"https:\/\/viktor-solothurn.ch\/wp\/wp-includes\/images\/media\/default.png","width":2500,"height":1667,"sizes":{"thumbnail":"https:\/\/viktor-solothurn.ch\/app\/uploads\/2023\/06\/CF_2023-1491-150x150.jpg","thumbnail-width":150,"thumbnail-height":150,"medium":"https:\/\/viktor-solothurn.ch\/app\/uploads\/2023\/06\/CF_2023-1491-300x200.jpg","medium-width":300,"medium-height":200,"medium_large":"https:\/\/viktor-solothurn.ch\/app\/uploads\/2023\/06\/CF_2023-1491-768x512.jpg","medium_large-width":768,"medium_large-height":512,"large":"https:\/\/viktor-solothurn.ch\/app\/uploads\/2023\/06\/CF_2023-1491-1024x683.jpg","large-width":1024,"large-height":683,"1536x1536":"https:\/\/viktor-solothurn.ch\/app\/uploads\/2023\/06\/CF_2023-1491-1536x1024.jpg","1536x1536-width":1536,"1536x1536-height":1024,"2048x2048":"https:\/\/viktor-solothurn.ch\/app\/uploads\/2023\/06\/CF_2023-1491-2048x1366.jpg","2048x2048-width":2048,"2048x2048-height":1366},"original_image":null}},{"image":{"ID":4232,"id":4232,"title":"CF_2023-1386","filename":"CF_2023-1386.jpg","filesize":3115320,"url":"https:\/\/viktor-solothurn.ch\/app\/uploads\/2023\/06\/CF_2023-1386.jpg","link":"https:\/\/viktor-solothurn.ch\/fr\/home\/cf_2023-1386-2\/","alt":"","author":"4","description":"","caption":"","name":"cf_2023-1386-2","status":"inherit","uploaded_to":3599,"date":"2023-06-02 08:14:14","modified":"2023-06-02 08:14:14","menu_order":0,"mime_type":"image\/jpeg","type":"image","subtype":"jpeg","icon":"https:\/\/viktor-solothurn.ch\/wp\/wp-includes\/images\/media\/default.png","width":1667,"height":2500,"sizes":{"thumbnail":"https:\/\/viktor-solothurn.ch\/app\/uploads\/2023\/06\/CF_2023-1386-150x150.jpg","thumbnail-width":150,"thumbnail-height":150,"medium":"https:\/\/viktor-solothurn.ch\/app\/uploads\/2023\/06\/CF_2023-1386-200x300.jpg","medium-width":200,"medium-height":300,"medium_large":"https:\/\/viktor-solothurn.ch\/app\/uploads\/2023\/06\/CF_2023-1386-768x1152.jpg","medium_large-width":768,"medium_large-height":1152,"large":"https:\/\/viktor-solothurn.ch\/app\/uploads\/2023\/06\/CF_2023-1386-683x1024.jpg","large-width":683,"large-height":1024,"1536x1536":"https:\/\/viktor-solothurn.ch\/app\/uploads\/2023\/06\/CF_2023-1386-1024x1536.jpg","1536x1536-width":1024,"1536x1536-height":1536,"2048x2048":"https:\/\/viktor-solothurn.ch\/app\/uploads\/2023\/06\/CF_2023-1386-1366x2048.jpg","2048x2048-width":1366,"2048x2048-height":2048},"original_image":null},"image-mobile":{"ID":4232,"id":4232,"title":"CF_2023-1386","filename":"CF_2023-1386.jpg","filesize":3115320,"url":"https:\/\/viktor-solothurn.ch\/app\/uploads\/2023\/06\/CF_2023-1386.jpg","link":"https:\/\/viktor-solothurn.ch\/fr\/home\/cf_2023-1386-2\/","alt":"","author":"4","description":"","caption":"","name":"cf_2023-1386-2","status":"inherit","uploaded_to":3599,"date":"2023-06-02 08:14:14","modified":"2023-06-02 08:14:14","menu_order":0,"mime_type":"image\/jpeg","type":"image","subtype":"jpeg","icon":"https:\/\/viktor-solothurn.ch\/wp\/wp-includes\/images\/media\/default.png","width":1667,"height":2500,"sizes":{"thumbnail":"https:\/\/viktor-solothurn.ch\/app\/uploads\/2023\/06\/CF_2023-1386-150x150.jpg","thumbnail-width":150,"thumbnail-height":150,"medium":"https:\/\/viktor-solothurn.ch\/app\/uploads\/2023\/06\/CF_2023-1386-200x300.jpg","medium-width":200,"medium-height":300,"medium_large":"https:\/\/viktor-solothurn.ch\/app\/uploads\/2023\/06\/CF_2023-1386-768x1152.jpg","medium_large-width":768,"medium_large-height":1152,"large":"https:\/\/viktor-solothurn.ch\/app\/uploads\/2023\/06\/CF_2023-1386-683x1024.jpg","large-width":683,"large-height":1024,"1536x1536":"https:\/\/viktor-solothurn.ch\/app\/uploads\/2023\/06\/CF_2023-1386-1024x1536.jpg","1536x1536-width":1024,"1536x1536-height":1536,"2048x2048":"https:\/\/viktor-solothurn.ch\/app\/uploads\/2023\/06\/CF_2023-1386-1366x2048.jpg","2048x2048-width":1366,"2048x2048-height":2048},"original_image":null}},{"image":{"ID":4250,"id":4250,"title":"_MP_3640","filename":"MP_3640.jpg","filesize":2739156,"url":"https:\/\/viktor-solothurn.ch\/app\/uploads\/2023\/06\/MP_3640.jpg","link":"https:\/\/viktor-solothurn.ch\/fr\/home\/_mp_3640-2\/","alt":"","author":"4","description":"","caption":"","name":"_mp_3640-2","status":"inherit","uploaded_to":3599,"date":"2023-06-02 08:15:15","modified":"2023-06-02 08:15:15","menu_order":0,"mime_type":"image\/jpeg","type":"image","subtype":"jpeg","icon":"https:\/\/viktor-solothurn.ch\/wp\/wp-includes\/images\/media\/default.png","width":2500,"height":1667,"sizes":{"thumbnail":"https:\/\/viktor-solothurn.ch\/app\/uploads\/2023\/06\/MP_3640-150x150.jpg","thumbnail-width":150,"thumbnail-height":150,"medium":"https:\/\/viktor-solothurn.ch\/app\/uploads\/2023\/06\/MP_3640-300x200.jpg","medium-width":300,"medium-height":200,"medium_large":"https:\/\/viktor-solothurn.ch\/app\/uploads\/2023\/06\/MP_3640-768x512.jpg","medium_large-width":768,"medium_large-height":512,"large":"https:\/\/viktor-solothurn.ch\/app\/uploads\/2023\/06\/MP_3640-1024x683.jpg","large-width":1024,"large-height":683,"1536x1536":"https:\/\/viktor-solothurn.ch\/app\/uploads\/2023\/06\/MP_3640-1536x1024.jpg","1536x1536-width":1536,"1536x1536-height":1024,"2048x2048":"https:\/\/viktor-solothurn.ch\/app\/uploads\/2023\/06\/MP_3640-2048x1366.jpg","2048x2048-width":2048,"2048x2048-height":1366},"original_image":null},"image-mobile":{"ID":4250,"id":4250,"title":"_MP_3640","filename":"MP_3640.jpg","filesize":2739156,"url":"https:\/\/viktor-solothurn.ch\/app\/uploads\/2023\/06\/MP_3640.jpg","link":"https:\/\/viktor-solothurn.ch\/fr\/home\/_mp_3640-2\/","alt":"","author":"4","description":"","caption":"","name":"_mp_3640-2","status":"inherit","uploaded_to":3599,"date":"2023-06-02 08:15:15","modified":"2023-06-02 08:15:15","menu_order":0,"mime_type":"image\/jpeg","type":"image","subtype":"jpeg","icon":"https:\/\/viktor-solothurn.ch\/wp\/wp-includes\/images\/media\/default.png","width":2500,"height":1667,"sizes":{"thumbnail":"https:\/\/viktor-solothurn.ch\/app\/uploads\/2023\/06\/MP_3640-150x150.jpg","thumbnail-width":150,"thumbnail-height":150,"medium":"https:\/\/viktor-solothurn.ch\/app\/uploads\/2023\/06\/MP_3640-300x200.jpg","medium-width":300,"medium-height":200,"medium_large":"https:\/\/viktor-solothurn.ch\/app\/uploads\/2023\/06\/MP_3640-768x512.jpg","medium_large-width":768,"medium_large-height":512,"large":"https:\/\/viktor-solothurn.ch\/app\/uploads\/2023\/06\/MP_3640-1024x683.jpg","large-width":1024,"large-height":683,"1536x1536":"https:\/\/viktor-solothurn.ch\/app\/uploads\/2023\/06\/MP_3640-1536x1024.jpg","1536x1536-width":1536,"1536x1536-height":1024,"2048x2048":"https:\/\/viktor-solothurn.ch\/app\/uploads\/2023\/06\/MP_3640-2048x1366.jpg","2048x2048-width":2048,"2048x2048-height":1366},"original_image":null}},{"image":{"ID":3749,"id":3749,"title":"viktor-solothurn-gipfeli-special-coffee","filename":"viktor-solothurn-gipfeli-special-coffee.jpg","filesize":704412,"url":"https:\/\/viktor-solothurn.ch\/app\/uploads\/2022\/04\/viktor-solothurn-gipfeli-special-coffee.jpg","link":"https:\/\/viktor-solothurn.ch\/fr\/home\/viktor-solothurn-gipfeli-special-coffee-2\/","alt":"","author":"5","description":"","caption":"","name":"viktor-solothurn-gipfeli-special-coffee-2","status":"inherit","uploaded_to":3599,"date":"2022-04-05 09:20:57","modified":"2022-04-05 09:20:57","menu_order":0,"mime_type":"image\/jpeg","type":"image","subtype":"jpeg","icon":"https:\/\/viktor-solothurn.ch\/wp\/wp-includes\/images\/media\/default.png","width":1667,"height":2500,"sizes":{"thumbnail":"https:\/\/viktor-solothurn.ch\/app\/uploads\/2022\/04\/viktor-solothurn-gipfeli-special-coffee-150x150.jpg","thumbnail-width":150,"thumbnail-height":150,"medium":"https:\/\/viktor-solothurn.ch\/app\/uploads\/2022\/04\/viktor-solothurn-gipfeli-special-coffee-200x300.jpg","medium-width":200,"medium-height":300,"medium_large":"https:\/\/viktor-solothurn.ch\/app\/uploads\/2022\/04\/viktor-solothurn-gipfeli-special-coffee-768x1152.jpg","medium_large-width":768,"medium_large-height":1152,"large":"https:\/\/viktor-solothurn.ch\/app\/uploads\/2022\/04\/viktor-solothurn-gipfeli-special-coffee-683x1024.jpg","large-width":683,"large-height":1024,"1536x1536":"https:\/\/viktor-solothurn.ch\/app\/uploads\/2022\/04\/viktor-solothurn-gipfeli-special-coffee-1024x1536.jpg","1536x1536-width":1024,"1536x1536-height":1536,"2048x2048":"https:\/\/viktor-solothurn.ch\/app\/uploads\/2022\/04\/viktor-solothurn-gipfeli-special-coffee-1366x2048.jpg","2048x2048-width":1366,"2048x2048-height":2048},"original_image":null},"image-mobile":{"ID":3749,"id":3749,"title":"viktor-solothurn-gipfeli-special-coffee","filename":"viktor-solothurn-gipfeli-special-coffee.jpg","filesize":704412,"url":"https:\/\/viktor-solothurn.ch\/app\/uploads\/2022\/04\/viktor-solothurn-gipfeli-special-coffee.jpg","link":"https:\/\/viktor-solothurn.ch\/fr\/home\/viktor-solothurn-gipfeli-special-coffee-2\/","alt":"","author":"5","description":"","caption":"","name":"viktor-solothurn-gipfeli-special-coffee-2","status":"inherit","uploaded_to":3599,"date":"2022-04-05 09:20:57","modified":"2022-04-05 09:20:57","menu_order":0,"mime_type":"image\/jpeg","type":"image","subtype":"jpeg","icon":"https:\/\/viktor-solothurn.ch\/wp\/wp-includes\/images\/media\/default.png","width":1667,"height":2500,"sizes":{"thumbnail":"https:\/\/viktor-solothurn.ch\/app\/uploads\/2022\/04\/viktor-solothurn-gipfeli-special-coffee-150x150.jpg","thumbnail-width":150,"thumbnail-height":150,"medium":"https:\/\/viktor-solothurn.ch\/app\/uploads\/2022\/04\/viktor-solothurn-gipfeli-special-coffee-200x300.jpg","medium-width":200,"medium-height":300,"medium_large":"https:\/\/viktor-solothurn.ch\/app\/uploads\/2022\/04\/viktor-solothurn-gipfeli-special-coffee-768x1152.jpg","medium_large-width":768,"medium_large-height":1152,"large":"https:\/\/viktor-solothurn.ch\/app\/uploads\/2022\/04\/viktor-solothurn-gipfeli-special-coffee-683x1024.jpg","large-width":683,"large-height":1024,"1536x1536":"https:\/\/viktor-solothurn.ch\/app\/uploads\/2022\/04\/viktor-solothurn-gipfeli-special-coffee-1024x1536.jpg","1536x1536-width":1024,"1536x1536-height":1536,"2048x2048":"https:\/\/viktor-solothurn.ch\/app\/uploads\/2022\/04\/viktor-solothurn-gipfeli-special-coffee-1366x2048.jpg","2048x2048-width":1366,"2048x2048-height":2048},"original_image":null}},{"image":{"ID":4229,"id":4229,"title":"CF_2023-1427","filename":"CF_2023-1427.jpg","filesize":4183217,"url":"https:\/\/viktor-solothurn.ch\/app\/uploads\/2023\/06\/CF_2023-1427.jpg","link":"https:\/\/viktor-solothurn.ch\/fr\/home\/cf_2023-1427-2\/","alt":"","author":"4","description":"","caption":"","name":"cf_2023-1427-2","status":"inherit","uploaded_to":3599,"date":"2023-06-02 08:14:04","modified":"2023-06-02 08:14:04","menu_order":0,"mime_type":"image\/jpeg","type":"image","subtype":"jpeg","icon":"https:\/\/viktor-solothurn.ch\/wp\/wp-includes\/images\/media\/default.png","width":2500,"height":1667,"sizes":{"thumbnail":"https:\/\/viktor-solothurn.ch\/app\/uploads\/2023\/06\/CF_2023-1427-150x150.jpg","thumbnail-width":150,"thumbnail-height":150,"medium":"https:\/\/viktor-solothurn.ch\/app\/uploads\/2023\/06\/CF_2023-1427-300x200.jpg","medium-width":300,"medium-height":200,"medium_large":"https:\/\/viktor-solothurn.ch\/app\/uploads\/2023\/06\/CF_2023-1427-768x512.jpg","medium_large-width":768,"medium_large-height":512,"large":"https:\/\/viktor-solothurn.ch\/app\/uploads\/2023\/06\/CF_2023-1427-1024x683.jpg","large-width":1024,"large-height":683,"1536x1536":"https:\/\/viktor-solothurn.ch\/app\/uploads\/2023\/06\/CF_2023-1427-1536x1024.jpg","1536x1536-width":1536,"1536x1536-height":1024,"2048x2048":"https:\/\/viktor-solothurn.ch\/app\/uploads\/2023\/06\/CF_2023-1427-2048x1366.jpg","2048x2048-width":2048,"2048x2048-height":1366},"original_image":null},"image-mobile":{"ID":4229,"id":4229,"title":"CF_2023-1427","filename":"CF_2023-1427.jpg","filesize":4183217,"url":"https:\/\/viktor-solothurn.ch\/app\/uploads\/2023\/06\/CF_2023-1427.jpg","link":"https:\/\/viktor-solothurn.ch\/fr\/home\/cf_2023-1427-2\/","alt":"","author":"4","description":"","caption":"","name":"cf_2023-1427-2","status":"inherit","uploaded_to":3599,"date":"2023-06-02 08:14:04","modified":"2023-06-02 08:14:04","menu_order":0,"mime_type":"image\/jpeg","type":"image","subtype":"jpeg","icon":"https:\/\/viktor-solothurn.ch\/wp\/wp-includes\/images\/media\/default.png","width":2500,"height":1667,"sizes":{"thumbnail":"https:\/\/viktor-solothurn.ch\/app\/uploads\/2023\/06\/CF_2023-1427-150x150.jpg","thumbnail-width":150,"thumbnail-height":150,"medium":"https:\/\/viktor-solothurn.ch\/app\/uploads\/2023\/06\/CF_2023-1427-300x200.jpg","medium-width":300,"medium-height":200,"medium_large":"https:\/\/viktor-solothurn.ch\/app\/uploads\/2023\/06\/CF_2023-1427-768x512.jpg","medium_large-width":768,"medium_large-height":512,"large":"https:\/\/viktor-solothurn.ch\/app\/uploads\/2023\/06\/CF_2023-1427-1024x683.jpg","large-width":1024,"large-height":683,"1536x1536":"https:\/\/viktor-solothurn.ch\/app\/uploads\/2023\/06\/CF_2023-1427-1536x1024.jpg","1536x1536-width":1536,"1536x1536-height":1024,"2048x2048":"https:\/\/viktor-solothurn.ch\/app\/uploads\/2023\/06\/CF_2023-1427-2048x1366.jpg","2048x2048-width":2048,"2048x2048-height":1366},"original_image":null}},{"image":{"ID":4235,"id":4235,"title":"CF_2023-1379","filename":"CF_2023-1379.jpg","filesize":3560853,"url":"https:\/\/viktor-solothurn.ch\/app\/uploads\/2023\/06\/CF_2023-1379.jpg","link":"https:\/\/viktor-solothurn.ch\/fr\/home\/cf_2023-1379-2\/","alt":"","author":"4","description":"","caption":"","name":"cf_2023-1379-2","status":"inherit","uploaded_to":3599,"date":"2023-06-02 08:14:22","modified":"2023-06-02 08:14:22","menu_order":0,"mime_type":"image\/jpeg","type":"image","subtype":"jpeg","icon":"https:\/\/viktor-solothurn.ch\/wp\/wp-includes\/images\/media\/default.png","width":1667,"height":2500,"sizes":{"thumbnail":"https:\/\/viktor-solothurn.ch\/app\/uploads\/2023\/06\/CF_2023-1379-150x150.jpg","thumbnail-width":150,"thumbnail-height":150,"medium":"https:\/\/viktor-solothurn.ch\/app\/uploads\/2023\/06\/CF_2023-1379-200x300.jpg","medium-width":200,"medium-height":300,"medium_large":"https:\/\/viktor-solothurn.ch\/app\/uploads\/2023\/06\/CF_2023-1379-768x1152.jpg","medium_large-width":768,"medium_large-height":1152,"large":"https:\/\/viktor-solothurn.ch\/app\/uploads\/2023\/06\/CF_2023-1379-683x1024.jpg","large-width":683,"large-height":1024,"1536x1536":"https:\/\/viktor-solothurn.ch\/app\/uploads\/2023\/06\/CF_2023-1379-1024x1536.jpg","1536x1536-width":1024,"1536x1536-height":1536,"2048x2048":"https:\/\/viktor-solothurn.ch\/app\/uploads\/2023\/06\/CF_2023-1379-1366x2048.jpg","2048x2048-width":1366,"2048x2048-height":2048},"original_image":null},"image-mobile":{"ID":4235,"id":4235,"title":"CF_2023-1379","filename":"CF_2023-1379.jpg","filesize":3560853,"url":"https:\/\/viktor-solothurn.ch\/app\/uploads\/2023\/06\/CF_2023-1379.jpg","link":"https:\/\/viktor-solothurn.ch\/fr\/home\/cf_2023-1379-2\/","alt":"","author":"4","description":"","caption":"","name":"cf_2023-1379-2","status":"inherit","uploaded_to":3599,"date":"2023-06-02 08:14:22","modified":"2023-06-02 08:14:22","menu_order":0,"mime_type":"image\/jpeg","type":"image","subtype":"jpeg","icon":"https:\/\/viktor-solothurn.ch\/wp\/wp-includes\/images\/media\/default.png","width":1667,"height":2500,"sizes":{"thumbnail":"https:\/\/viktor-solothurn.ch\/app\/uploads\/2023\/06\/CF_2023-1379-150x150.jpg","thumbnail-width":150,"thumbnail-height":150,"medium":"https:\/\/viktor-solothurn.ch\/app\/uploads\/2023\/06\/CF_2023-1379-200x300.jpg","medium-width":200,"medium-height":300,"medium_large":"https:\/\/viktor-solothurn.ch\/app\/uploads\/2023\/06\/CF_2023-1379-768x1152.jpg","medium_large-width":768,"medium_large-height":1152,"large":"https:\/\/viktor-solothurn.ch\/app\/uploads\/2023\/06\/CF_2023-1379-683x1024.jpg","large-width":683,"large-height":1024,"1536x1536":"https:\/\/viktor-solothurn.ch\/app\/uploads\/2023\/06\/CF_2023-1379-1024x1536.jpg","1536x1536-width":1024,"1536x1536-height":1536,"2048x2048":"https:\/\/viktor-solothurn.ch\/app\/uploads\/2023\/06\/CF_2023-1379-1366x2048.jpg","2048x2048-width":1366,"2048x2048-height":2048},"original_image":null}},{"image":{"ID":3375,"id":3375,"title":"Viktor_Solothurn_Cafebar_ Takeaway_Kaffee","filename":"Viktor_Solothurn_Cafebar_-Takeaway_Kaffee.jpg","filesize":393556,"url":"https:\/\/viktor-solothurn.ch\/app\/uploads\/2021\/11\/Viktor_Solothurn_Cafebar_-Takeaway_Kaffee.jpg","link":"https:\/\/viktor-solothurn.ch\/fr\/home\/viktor_solothurn_cafebar_-takeaway_kaffee-2\/","alt":"","author":"4","description":"","caption":"","name":"viktor_solothurn_cafebar_-takeaway_kaffee-2","status":"inherit","uploaded_to":3599,"date":"2021-11-15 13:00:13","modified":"2021-11-15 13:00:13","menu_order":0,"mime_type":"image\/jpeg","type":"image","subtype":"jpeg","icon":"https:\/\/viktor-solothurn.ch\/wp\/wp-includes\/images\/media\/default.png","width":1667,"height":2500,"sizes":{"thumbnail":"https:\/\/viktor-solothurn.ch\/app\/uploads\/2021\/11\/Viktor_Solothurn_Cafebar_-Takeaway_Kaffee-150x150.jpg","thumbnail-width":150,"thumbnail-height":150,"medium":"https:\/\/viktor-solothurn.ch\/app\/uploads\/2021\/11\/Viktor_Solothurn_Cafebar_-Takeaway_Kaffee-200x300.jpg","medium-width":200,"medium-height":300,"medium_large":"https:\/\/viktor-solothurn.ch\/app\/uploads\/2021\/11\/Viktor_Solothurn_Cafebar_-Takeaway_Kaffee-768x1152.jpg","medium_large-width":768,"medium_large-height":1152,"large":"https:\/\/viktor-solothurn.ch\/app\/uploads\/2021\/11\/Viktor_Solothurn_Cafebar_-Takeaway_Kaffee-683x1024.jpg","large-width":683,"large-height":1024,"1536x1536":"https:\/\/viktor-solothurn.ch\/app\/uploads\/2021\/11\/Viktor_Solothurn_Cafebar_-Takeaway_Kaffee-1024x1536.jpg","1536x1536-width":1024,"1536x1536-height":1536,"2048x2048":"https:\/\/viktor-solothurn.ch\/app\/uploads\/2021\/11\/Viktor_Solothurn_Cafebar_-Takeaway_Kaffee-1366x2048.jpg","2048x2048-width":1366,"2048x2048-height":2048},"original_image":null},"image-mobile":{"ID":3375,"id":3375,"title":"Viktor_Solothurn_Cafebar_ Takeaway_Kaffee","filename":"Viktor_Solothurn_Cafebar_-Takeaway_Kaffee.jpg","filesize":393556,"url":"https:\/\/viktor-solothurn.ch\/app\/uploads\/2021\/11\/Viktor_Solothurn_Cafebar_-Takeaway_Kaffee.jpg","link":"https:\/\/viktor-solothurn.ch\/fr\/home\/viktor_solothurn_cafebar_-takeaway_kaffee-2\/","alt":"","author":"4","description":"","caption":"","name":"viktor_solothurn_cafebar_-takeaway_kaffee-2","status":"inherit","uploaded_to":3599,"date":"2021-11-15 13:00:13","modified":"2021-11-15 13:00:13","menu_order":0,"mime_type":"image\/jpeg","type":"image","subtype":"jpeg","icon":"https:\/\/viktor-solothurn.ch\/wp\/wp-includes\/images\/media\/default.png","width":1667,"height":2500,"sizes":{"thumbnail":"https:\/\/viktor-solothurn.ch\/app\/uploads\/2021\/11\/Viktor_Solothurn_Cafebar_-Takeaway_Kaffee-150x150.jpg","thumbnail-width":150,"thumbnail-height":150,"medium":"https:\/\/viktor-solothurn.ch\/app\/uploads\/2021\/11\/Viktor_Solothurn_Cafebar_-Takeaway_Kaffee-200x300.jpg","medium-width":200,"medium-height":300,"medium_large":"https:\/\/viktor-solothurn.ch\/app\/uploads\/2021\/11\/Viktor_Solothurn_Cafebar_-Takeaway_Kaffee-768x1152.jpg","medium_large-width":768,"medium_large-height":1152,"large":"https:\/\/viktor-solothurn.ch\/app\/uploads\/2021\/11\/Viktor_Solothurn_Cafebar_-Takeaway_Kaffee-683x1024.jpg","large-width":683,"large-height":1024,"1536x1536":"https:\/\/viktor-solothurn.ch\/app\/uploads\/2021\/11\/Viktor_Solothurn_Cafebar_-Takeaway_Kaffee-1024x1536.jpg","1536x1536-width":1024,"1536x1536-height":1536,"2048x2048":"https:\/\/viktor-solothurn.ch\/app\/uploads\/2021\/11\/Viktor_Solothurn_Cafebar_-Takeaway_Kaffee-1366x2048.jpg","2048x2048-width":1366,"2048x2048-height":2048},"original_image":null}}]}},{"acf_fc_layout":"collection-teaser","collection-teaser":{"":null,"lead":"<h2>Fra\u00eecheur et saisonnalit\u00e9<\/h2>\n<p><span style=\"font-weight: 400;\">Peu avant l\u2019heure du d\u00e9jeuner et jusqu\u2019au soir non-stop, le Viktor vous propose de d\u00e9licieux snacks:<\/span><\/p>\n","link":{"title":"D\u00e9couvrir le menu","url":"\/fr\/manger-et-boire\/","target":""},"teasers":[{"title":"Quiche","cta":{"link":"","icon":"restaurant"},"image":{"ID":3817,"id":3817,"title":"viktor-solothurn-quiche-809-aspect-ratio-809-689","filename":"viktor-solothurn-quiche-809-aspect-ratio-809-689-2.jpg","filesize":147899,"url":"https:\/\/viktor-solothurn.ch\/app\/uploads\/2022\/04\/viktor-solothurn-quiche-809-aspect-ratio-809-689-2.jpg","link":"https:\/\/viktor-solothurn.ch\/fr\/home\/viktor-solothurn-quiche-809-aspect-ratio-809-689-3\/","alt":"","author":"5","description":"","caption":"","name":"viktor-solothurn-quiche-809-aspect-ratio-809-689-3","status":"inherit","uploaded_to":3599,"date":"2022-04-05 12:08:48","modified":"2022-04-05 12:09:55","menu_order":0,"mime_type":"image\/jpeg","type":"image","subtype":"jpeg","icon":"https:\/\/viktor-solothurn.ch\/wp\/wp-includes\/images\/media\/default.png","width":809,"height":690,"sizes":{"thumbnail":"https:\/\/viktor-solothurn.ch\/app\/uploads\/2022\/04\/viktor-solothurn-quiche-809-aspect-ratio-809-689-2-150x150.jpg","thumbnail-width":150,"thumbnail-height":150,"medium":"https:\/\/viktor-solothurn.ch\/app\/uploads\/2022\/04\/viktor-solothurn-quiche-809-aspect-ratio-809-689-2-300x256.jpg","medium-width":300,"medium-height":256,"medium_large":"https:\/\/viktor-solothurn.ch\/app\/uploads\/2022\/04\/viktor-solothurn-quiche-809-aspect-ratio-809-689-2-768x655.jpg","medium_large-width":768,"medium_large-height":655,"large":"https:\/\/viktor-solothurn.ch\/app\/uploads\/2022\/04\/viktor-solothurn-quiche-809-aspect-ratio-809-689-2.jpg","large-width":809,"large-height":690,"1536x1536":"https:\/\/viktor-solothurn.ch\/app\/uploads\/2022\/04\/viktor-solothurn-quiche-809-aspect-ratio-809-689-2.jpg","1536x1536-width":809,"1536x1536-height":690,"2048x2048":"https:\/\/viktor-solothurn.ch\/app\/uploads\/2022\/04\/viktor-solothurn-quiche-809-aspect-ratio-809-689-2.jpg","2048x2048-width":809,"2048x2048-height":690},"original_image":{"ID":3778,"id":3778,"title":"viktor-solothurn-quiche-809","filename":"viktor-solothurn-quiche-809.jpg","filesize":195313,"url":"https:\/\/viktor-solothurn.ch\/app\/uploads\/2022\/04\/viktor-solothurn-quiche-809.jpg","link":"https:\/\/viktor-solothurn.ch\/fr\/home\/viktor-solothurn-quiche-809-2\/","alt":"","author":"5","description":"","caption":"","name":"viktor-solothurn-quiche-809-2","status":"inherit","uploaded_to":3599,"date":"2022-04-05 11:49:57","modified":"2022-04-05 11:49:57","menu_order":0,"mime_type":"image\/jpeg","type":"image","subtype":"jpeg","icon":"https:\/\/viktor-solothurn.ch\/wp\/wp-includes\/images\/media\/default.png","width":809,"height":768,"sizes":{"thumbnail":"https:\/\/viktor-solothurn.ch\/app\/uploads\/2022\/04\/viktor-solothurn-quiche-809-150x150.jpg","thumbnail-width":150,"thumbnail-height":150,"medium":"https:\/\/viktor-solothurn.ch\/app\/uploads\/2022\/04\/viktor-solothurn-quiche-809-300x285.jpg","medium-width":300,"medium-height":285,"medium_large":"https:\/\/viktor-solothurn.ch\/app\/uploads\/2022\/04\/viktor-solothurn-quiche-809-768x729.jpg","medium_large-width":768,"medium_large-height":729,"large":"https:\/\/viktor-solothurn.ch\/app\/uploads\/2022\/04\/viktor-solothurn-quiche-809.jpg","large-width":809,"large-height":768,"1536x1536":"https:\/\/viktor-solothurn.ch\/app\/uploads\/2022\/04\/viktor-solothurn-quiche-809.jpg","1536x1536-width":809,"1536x1536-height":768,"2048x2048":"https:\/\/viktor-solothurn.ch\/app\/uploads\/2022\/04\/viktor-solothurn-quiche-809.jpg","2048x2048-width":809,"2048x2048-height":768}}},"image-mobile":{"ID":3784,"id":3784,"title":"viktor-solothurn-quiche-756","filename":"viktor-solothurn-quiche-756.jpg","filesize":155473,"url":"https:\/\/viktor-solothurn.ch\/app\/uploads\/2022\/04\/viktor-solothurn-quiche-756.jpg","link":"https:\/\/viktor-solothurn.ch\/fr\/home\/viktor-solothurn-quiche-756-2\/","alt":"","author":"5","description":"","caption":"","name":"viktor-solothurn-quiche-756-2","status":"inherit","uploaded_to":3599,"date":"2022-04-05 11:50:29","modified":"2022-04-05 11:50:29","menu_order":0,"mime_type":"image\/jpeg","type":"image","subtype":"jpeg","icon":"https:\/\/viktor-solothurn.ch\/wp\/wp-includes\/images\/media\/default.png","width":630,"height":756,"sizes":{"thumbnail":"https:\/\/viktor-solothurn.ch\/app\/uploads\/2022\/04\/viktor-solothurn-quiche-756-150x150.jpg","thumbnail-width":150,"thumbnail-height":150,"medium":"https:\/\/viktor-solothurn.ch\/app\/uploads\/2022\/04\/viktor-solothurn-quiche-756-250x300.jpg","medium-width":250,"medium-height":300,"medium_large":"https:\/\/viktor-solothurn.ch\/app\/uploads\/2022\/04\/viktor-solothurn-quiche-756.jpg","medium_large-width":630,"medium_large-height":756,"large":"https:\/\/viktor-solothurn.ch\/app\/uploads\/2022\/04\/viktor-solothurn-quiche-756.jpg","large-width":630,"large-height":756,"1536x1536":"https:\/\/viktor-solothurn.ch\/app\/uploads\/2022\/04\/viktor-solothurn-quiche-756.jpg","1536x1536-width":630,"1536x1536-height":756,"2048x2048":"https:\/\/viktor-solothurn.ch\/app\/uploads\/2022\/04\/viktor-solothurn-quiche-756.jpg","2048x2048-width":630,"2048x2048-height":756},"original_image":null}},{"title":"Tranches de pain ","cta":{"link":"","icon":"restaurant"},"image":{"ID":3811,"id":3811,"title":"viktor-solothurn-schnitte-809-aspect-ratio-809-689","filename":"viktor-solothurn-schnitte-809-aspect-ratio-809-689-1.jpg","filesize":121841,"url":"https:\/\/viktor-solothurn.ch\/app\/uploads\/2022\/04\/viktor-solothurn-schnitte-809-aspect-ratio-809-689-1.jpg","link":"https:\/\/viktor-solothurn.ch\/fr\/home\/viktor-solothurn-schnitte-809-aspect-ratio-809-689\/","alt":"","author":"5","description":"","caption":"","name":"viktor-solothurn-schnitte-809-aspect-ratio-809-689","status":"inherit","uploaded_to":3599,"date":"2022-04-05 12:08:21","modified":"2022-04-05 12:09:55","menu_order":0,"mime_type":"image\/jpeg","type":"image","subtype":"jpeg","icon":"https:\/\/viktor-solothurn.ch\/wp\/wp-includes\/images\/media\/default.png","width":809,"height":690,"sizes":{"thumbnail":"https:\/\/viktor-solothurn.ch\/app\/uploads\/2022\/04\/viktor-solothurn-schnitte-809-aspect-ratio-809-689-1-150x150.jpg","thumbnail-width":150,"thumbnail-height":150,"medium":"https:\/\/viktor-solothurn.ch\/app\/uploads\/2022\/04\/viktor-solothurn-schnitte-809-aspect-ratio-809-689-1-300x256.jpg","medium-width":300,"medium-height":256,"medium_large":"https:\/\/viktor-solothurn.ch\/app\/uploads\/2022\/04\/viktor-solothurn-schnitte-809-aspect-ratio-809-689-1-768x655.jpg","medium_large-width":768,"medium_large-height":655,"large":"https:\/\/viktor-solothurn.ch\/app\/uploads\/2022\/04\/viktor-solothurn-schnitte-809-aspect-ratio-809-689-1.jpg","large-width":809,"large-height":690,"1536x1536":"https:\/\/viktor-solothurn.ch\/app\/uploads\/2022\/04\/viktor-solothurn-schnitte-809-aspect-ratio-809-689-1.jpg","1536x1536-width":809,"1536x1536-height":690,"2048x2048":"https:\/\/viktor-solothurn.ch\/app\/uploads\/2022\/04\/viktor-solothurn-schnitte-809-aspect-ratio-809-689-1.jpg","2048x2048-width":809,"2048x2048-height":690},"original_image":{"ID":3791,"id":3791,"title":"viktor-solothurn-schnitte-809","filename":"viktor-solothurn-schnitte-809.jpg","filesize":157781,"url":"https:\/\/viktor-solothurn.ch\/app\/uploads\/2022\/04\/viktor-solothurn-schnitte-809.jpg","link":"https:\/\/viktor-solothurn.ch\/fr\/home\/viktor-solothurn-schnitte-809-2\/","alt":"","author":"5","description":"","caption":"","name":"viktor-solothurn-schnitte-809-2","status":"inherit","uploaded_to":3599,"date":"2022-04-05 11:56:22","modified":"2022-04-05 11:56:22","menu_order":0,"mime_type":"image\/jpeg","type":"image","subtype":"jpeg","icon":"https:\/\/viktor-solothurn.ch\/wp\/wp-includes\/images\/media\/default.png","width":809,"height":768,"sizes":{"thumbnail":"https:\/\/viktor-solothurn.ch\/app\/uploads\/2022\/04\/viktor-solothurn-schnitte-809-150x150.jpg","thumbnail-width":150,"thumbnail-height":150,"medium":"https:\/\/viktor-solothurn.ch\/app\/uploads\/2022\/04\/viktor-solothurn-schnitte-809-300x285.jpg","medium-width":300,"medium-height":285,"medium_large":"https:\/\/viktor-solothurn.ch\/app\/uploads\/2022\/04\/viktor-solothurn-schnitte-809-768x729.jpg","medium_large-width":768,"medium_large-height":729,"large":"https:\/\/viktor-solothurn.ch\/app\/uploads\/2022\/04\/viktor-solothurn-schnitte-809.jpg","large-width":809,"large-height":768,"1536x1536":"https:\/\/viktor-solothurn.ch\/app\/uploads\/2022\/04\/viktor-solothurn-schnitte-809.jpg","1536x1536-width":809,"1536x1536-height":768,"2048x2048":"https:\/\/viktor-solothurn.ch\/app\/uploads\/2022\/04\/viktor-solothurn-schnitte-809.jpg","2048x2048-width":809,"2048x2048-height":768}}},"image-mobile":{"ID":3788,"id":3788,"title":"viktor-solothurn-schnitte-756","filename":"viktor-solothurn-schnitte-756.jpg","filesize":126741,"url":"https:\/\/viktor-solothurn.ch\/app\/uploads\/2022\/04\/viktor-solothurn-schnitte-756.jpg","link":"https:\/\/viktor-solothurn.ch\/fr\/home\/viktor-solothurn-schnitte-756-2\/","alt":"","author":"5","description":"","caption":"","name":"viktor-solothurn-schnitte-756-2","status":"inherit","uploaded_to":3599,"date":"2022-04-05 11:56:20","modified":"2022-04-05 11:56:20","menu_order":0,"mime_type":"image\/jpeg","type":"image","subtype":"jpeg","icon":"https:\/\/viktor-solothurn.ch\/wp\/wp-includes\/images\/media\/default.png","width":630,"height":756,"sizes":{"thumbnail":"https:\/\/viktor-solothurn.ch\/app\/uploads\/2022\/04\/viktor-solothurn-schnitte-756-150x150.jpg","thumbnail-width":150,"thumbnail-height":150,"medium":"https:\/\/viktor-solothurn.ch\/app\/uploads\/2022\/04\/viktor-solothurn-schnitte-756-250x300.jpg","medium-width":250,"medium-height":300,"medium_large":"https:\/\/viktor-solothurn.ch\/app\/uploads\/2022\/04\/viktor-solothurn-schnitte-756.jpg","medium_large-width":630,"medium_large-height":756,"large":"https:\/\/viktor-solothurn.ch\/app\/uploads\/2022\/04\/viktor-solothurn-schnitte-756.jpg","large-width":630,"large-height":756,"1536x1536":"https:\/\/viktor-solothurn.ch\/app\/uploads\/2022\/04\/viktor-solothurn-schnitte-756.jpg","1536x1536-width":630,"1536x1536-height":756,"2048x2048":"https:\/\/viktor-solothurn.ch\/app\/uploads\/2022\/04\/viktor-solothurn-schnitte-756.jpg","2048x2048-width":630,"2048x2048-height":756},"original_image":null}},{"title":"Croissants","cta":{"link":"","icon":"restaurant"},"image":{"ID":3814,"id":3814,"title":"viktor-solothurn-gipfeli-809-1-aspect-ratio-809-689","filename":"viktor-solothurn-gipfeli-809-1-aspect-ratio-809-689-1.jpg","filesize":144334,"url":"https:\/\/viktor-solothurn.ch\/app\/uploads\/2022\/04\/viktor-solothurn-gipfeli-809-1-aspect-ratio-809-689-1.jpg","link":"https:\/\/viktor-solothurn.ch\/fr\/home\/viktor-solothurn-gipfeli-809-1-aspect-ratio-809-689\/","alt":"","author":"5","description":"","caption":"","name":"viktor-solothurn-gipfeli-809-1-aspect-ratio-809-689","status":"inherit","uploaded_to":3599,"date":"2022-04-05 12:08:37","modified":"2022-04-05 12:09:55","menu_order":0,"mime_type":"image\/jpeg","type":"image","subtype":"jpeg","icon":"https:\/\/viktor-solothurn.ch\/wp\/wp-includes\/images\/media\/default.png","width":809,"height":689,"sizes":{"thumbnail":"https:\/\/viktor-solothurn.ch\/app\/uploads\/2022\/04\/viktor-solothurn-gipfeli-809-1-aspect-ratio-809-689-1-150x150.jpg","thumbnail-width":150,"thumbnail-height":150,"medium":"https:\/\/viktor-solothurn.ch\/app\/uploads\/2022\/04\/viktor-solothurn-gipfeli-809-1-aspect-ratio-809-689-1-300x256.jpg","medium-width":300,"medium-height":256,"medium_large":"https:\/\/viktor-solothurn.ch\/app\/uploads\/2022\/04\/viktor-solothurn-gipfeli-809-1-aspect-ratio-809-689-1-768x654.jpg","medium_large-width":768,"medium_large-height":654,"large":"https:\/\/viktor-solothurn.ch\/app\/uploads\/2022\/04\/viktor-solothurn-gipfeli-809-1-aspect-ratio-809-689-1.jpg","large-width":809,"large-height":689,"1536x1536":"https:\/\/viktor-solothurn.ch\/app\/uploads\/2022\/04\/viktor-solothurn-gipfeli-809-1-aspect-ratio-809-689-1.jpg","1536x1536-width":809,"1536x1536-height":689,"2048x2048":"https:\/\/viktor-solothurn.ch\/app\/uploads\/2022\/04\/viktor-solothurn-gipfeli-809-1-aspect-ratio-809-689-1.jpg","2048x2048-width":809,"2048x2048-height":689},"original_image":{"ID":3803,"id":3803,"title":"viktor-solothurn-gipfeli-809","filename":"viktor-solothurn-gipfeli-809-1.jpg","filesize":191210,"url":"https:\/\/viktor-solothurn.ch\/app\/uploads\/2022\/04\/viktor-solothurn-gipfeli-809-1.jpg","link":"https:\/\/viktor-solothurn.ch\/fr\/home\/viktor-solothurn-gipfeli-809-2\/","alt":"","author":"5","description":"","caption":"","name":"viktor-solothurn-gipfeli-809-2","status":"inherit","uploaded_to":3599,"date":"2022-04-05 12:03:45","modified":"2022-04-05 12:03:45","menu_order":0,"mime_type":"image\/jpeg","type":"image","subtype":"jpeg","icon":"https:\/\/viktor-solothurn.ch\/wp\/wp-includes\/images\/media\/default.png","width":809,"height":768,"sizes":{"thumbnail":"https:\/\/viktor-solothurn.ch\/app\/uploads\/2022\/04\/viktor-solothurn-gipfeli-809-1-150x150.jpg","thumbnail-width":150,"thumbnail-height":150,"medium":"https:\/\/viktor-solothurn.ch\/app\/uploads\/2022\/04\/viktor-solothurn-gipfeli-809-1-300x285.jpg","medium-width":300,"medium-height":285,"medium_large":"https:\/\/viktor-solothurn.ch\/app\/uploads\/2022\/04\/viktor-solothurn-gipfeli-809-1-768x729.jpg","medium_large-width":768,"medium_large-height":729,"large":"https:\/\/viktor-solothurn.ch\/app\/uploads\/2022\/04\/viktor-solothurn-gipfeli-809-1.jpg","large-width":809,"large-height":768,"1536x1536":"https:\/\/viktor-solothurn.ch\/app\/uploads\/2022\/04\/viktor-solothurn-gipfeli-809-1.jpg","1536x1536-width":809,"1536x1536-height":768,"2048x2048":"https:\/\/viktor-solothurn.ch\/app\/uploads\/2022\/04\/viktor-solothurn-gipfeli-809-1.jpg","2048x2048-width":809,"2048x2048-height":768}}},"image-mobile":{"ID":3797,"id":3797,"title":"viktor-solothurn-gipfeli-756","filename":"viktor-solothurn-gipfeli-756.jpg","filesize":165064,"url":"https:\/\/viktor-solothurn.ch\/app\/uploads\/2022\/04\/viktor-solothurn-gipfeli-756.jpg","link":"https:\/\/viktor-solothurn.ch\/fr\/home\/viktor-solothurn-gipfeli-756-2\/","alt":"","author":"5","description":"","caption":"","name":"viktor-solothurn-gipfeli-756-2","status":"inherit","uploaded_to":3599,"date":"2022-04-05 12:02:05","modified":"2022-04-05 12:02:05","menu_order":0,"mime_type":"image\/jpeg","type":"image","subtype":"jpeg","icon":"https:\/\/viktor-solothurn.ch\/wp\/wp-includes\/images\/media\/default.png","width":674,"height":809,"sizes":{"thumbnail":"https:\/\/viktor-solothurn.ch\/app\/uploads\/2022\/04\/viktor-solothurn-gipfeli-756-150x150.jpg","thumbnail-width":150,"thumbnail-height":150,"medium":"https:\/\/viktor-solothurn.ch\/app\/uploads\/2022\/04\/viktor-solothurn-gipfeli-756-250x300.jpg","medium-width":250,"medium-height":300,"medium_large":"https:\/\/viktor-solothurn.ch\/app\/uploads\/2022\/04\/viktor-solothurn-gipfeli-756.jpg","medium_large-width":674,"medium_large-height":809,"large":"https:\/\/viktor-solothurn.ch\/app\/uploads\/2022\/04\/viktor-solothurn-gipfeli-756.jpg","large-width":674,"large-height":809,"1536x1536":"https:\/\/viktor-solothurn.ch\/app\/uploads\/2022\/04\/viktor-solothurn-gipfeli-756.jpg","1536x1536-width":674,"1536x1536-height":809,"2048x2048":"https:\/\/viktor-solothurn.ch\/app\/uploads\/2022\/04\/viktor-solothurn-gipfeli-756.jpg","2048x2048-width":674,"2048x2048-height":809},"original_image":null}}]}}]},"seo":{"active":true,"title":"","text":"","image":false,"keywords":""},"jumbo-header":{"type":"image","text-mode":"left","text":"<p>Ton rendez-vous sur la place du march\u00e9<\/p>\n","slider":[{"image":{"ID":4301,"id":4301,"title":"MP_3227-aspect-ratio-1920-1080","filename":"MP_3227-aspect-ratio-1920-1080-2.jpg","filesize":589949,"url":"https:\/\/viktor-solothurn.ch\/app\/uploads\/2023\/06\/MP_3227-aspect-ratio-1920-1080-2.jpg","link":"https:\/\/viktor-solothurn.ch\/fr\/home\/mp_3227-aspect-ratio-1920-1080\/","alt":"","author":"4","description":"","caption":"","name":"mp_3227-aspect-ratio-1920-1080","status":"inherit","uploaded_to":3599,"date":"2023-06-02 08:23:56","modified":"2023-06-02 08:25:42","menu_order":0,"mime_type":"image\/jpeg","type":"image","subtype":"jpeg","icon":"https:\/\/viktor-solothurn.ch\/wp\/wp-includes\/images\/media\/default.png","width":2500,"height":1407,"sizes":{"thumbnail":"https:\/\/viktor-solothurn.ch\/app\/uploads\/2023\/06\/MP_3227-aspect-ratio-1920-1080-2-150x150.jpg","thumbnail-width":150,"thumbnail-height":150,"medium":"https:\/\/viktor-solothurn.ch\/app\/uploads\/2023\/06\/MP_3227-aspect-ratio-1920-1080-2-300x169.jpg","medium-width":300,"medium-height":169,"medium_large":"https:\/\/viktor-solothurn.ch\/app\/uploads\/2023\/06\/MP_3227-aspect-ratio-1920-1080-2-768x432.jpg","medium_large-width":768,"medium_large-height":432,"large":"https:\/\/viktor-solothurn.ch\/app\/uploads\/2023\/06\/MP_3227-aspect-ratio-1920-1080-2-1024x576.jpg","large-width":1024,"large-height":576,"1536x1536":"https:\/\/viktor-solothurn.ch\/app\/uploads\/2023\/06\/MP_3227-aspect-ratio-1920-1080-2-1536x864.jpg","1536x1536-width":1536,"1536x1536-height":864,"2048x2048":"https:\/\/viktor-solothurn.ch\/app\/uploads\/2023\/06\/MP_3227-aspect-ratio-1920-1080-2-2048x1153.jpg","2048x2048-width":2048,"2048x2048-height":1153},"original_image":{"ID":4262,"id":4262,"title":"_MP_3227","filename":"MP_3227.jpg","filesize":3353481,"url":"https:\/\/viktor-solothurn.ch\/app\/uploads\/2023\/06\/MP_3227.jpg","link":"https:\/\/viktor-solothurn.ch\/fr\/home\/_mp_3227-2\/","alt":"","author":"4","description":"","caption":"","name":"_mp_3227-2","status":"inherit","uploaded_to":3599,"date":"2023-06-02 08:16:05","modified":"2023-06-02 08:16:05","menu_order":0,"mime_type":"image\/jpeg","type":"image","subtype":"jpeg","icon":"https:\/\/viktor-solothurn.ch\/wp\/wp-includes\/images\/media\/default.png","width":2500,"height":1667,"sizes":{"thumbnail":"https:\/\/viktor-solothurn.ch\/app\/uploads\/2023\/06\/MP_3227-150x150.jpg","thumbnail-width":150,"thumbnail-height":150,"medium":"https:\/\/viktor-solothurn.ch\/app\/uploads\/2023\/06\/MP_3227-300x200.jpg","medium-width":300,"medium-height":200,"medium_large":"https:\/\/viktor-solothurn.ch\/app\/uploads\/2023\/06\/MP_3227-768x512.jpg","medium_large-width":768,"medium_large-height":512,"large":"https:\/\/viktor-solothurn.ch\/app\/uploads\/2023\/06\/MP_3227-1024x683.jpg","large-width":1024,"large-height":683,"1536x1536":"https:\/\/viktor-solothurn.ch\/app\/uploads\/2023\/06\/MP_3227-1536x1024.jpg","1536x1536-width":1536,"1536x1536-height":1024,"2048x2048":"https:\/\/viktor-solothurn.ch\/app\/uploads\/2023\/06\/MP_3227-2048x1366.jpg","2048x2048-width":2048,"2048x2048-height":1366}}}},{"image":{"ID":4304,"id":4304,"title":"MP_3305-aspect-ratio-1920-1080","filename":"MP_3305-aspect-ratio-1920-1080-2.jpg","filesize":848303,"url":"https:\/\/viktor-solothurn.ch\/app\/uploads\/2023\/06\/MP_3305-aspect-ratio-1920-1080-2.jpg","link":"https:\/\/viktor-solothurn.ch\/fr\/home\/mp_3305-aspect-ratio-1920-1080\/","alt":"","author":"4","description":"","caption":"","name":"mp_3305-aspect-ratio-1920-1080","status":"inherit","uploaded_to":3599,"date":"2023-06-02 08:24:16","modified":"2023-06-02 08:25:42","menu_order":0,"mime_type":"image\/jpeg","type":"image","subtype":"jpeg","icon":"https:\/\/viktor-solothurn.ch\/wp\/wp-includes\/images\/media\/default.png","width":2500,"height":1407,"sizes":{"thumbnail":"https:\/\/viktor-solothurn.ch\/app\/uploads\/2023\/06\/MP_3305-aspect-ratio-1920-1080-2-150x150.jpg","thumbnail-width":150,"thumbnail-height":150,"medium":"https:\/\/viktor-solothurn.ch\/app\/uploads\/2023\/06\/MP_3305-aspect-ratio-1920-1080-2-300x169.jpg","medium-width":300,"medium-height":169,"medium_large":"https:\/\/viktor-solothurn.ch\/app\/uploads\/2023\/06\/MP_3305-aspect-ratio-1920-1080-2-768x432.jpg","medium_large-width":768,"medium_large-height":432,"large":"https:\/\/viktor-solothurn.ch\/app\/uploads\/2023\/06\/MP_3305-aspect-ratio-1920-1080-2-1024x576.jpg","large-width":1024,"large-height":576,"1536x1536":"https:\/\/viktor-solothurn.ch\/app\/uploads\/2023\/06\/MP_3305-aspect-ratio-1920-1080-2-1536x864.jpg","1536x1536-width":1536,"1536x1536-height":864,"2048x2048":"https:\/\/viktor-solothurn.ch\/app\/uploads\/2023\/06\/MP_3305-aspect-ratio-1920-1080-2-2048x1153.jpg","2048x2048-width":2048,"2048x2048-height":1153},"original_image":{"ID":4256,"id":4256,"title":"_MP_3305","filename":"MP_3305.jpg","filesize":4274334,"url":"https:\/\/viktor-solothurn.ch\/app\/uploads\/2023\/06\/MP_3305.jpg","link":"https:\/\/viktor-solothurn.ch\/fr\/home\/_mp_3305-2\/","alt":"","author":"4","description":"","caption":"","name":"_mp_3305-2","status":"inherit","uploaded_to":3599,"date":"2023-06-02 08:15:37","modified":"2023-06-02 08:15:37","menu_order":0,"mime_type":"image\/jpeg","type":"image","subtype":"jpeg","icon":"https:\/\/viktor-solothurn.ch\/wp\/wp-includes\/images\/media\/default.png","width":2500,"height":1667,"sizes":{"thumbnail":"https:\/\/viktor-solothurn.ch\/app\/uploads\/2023\/06\/MP_3305-150x150.jpg","thumbnail-width":150,"thumbnail-height":150,"medium":"https:\/\/viktor-solothurn.ch\/app\/uploads\/2023\/06\/MP_3305-300x200.jpg","medium-width":300,"medium-height":200,"medium_large":"https:\/\/viktor-solothurn.ch\/app\/uploads\/2023\/06\/MP_3305-768x512.jpg","medium_large-width":768,"medium_large-height":512,"large":"https:\/\/viktor-solothurn.ch\/app\/uploads\/2023\/06\/MP_3305-1024x683.jpg","large-width":1024,"large-height":683,"1536x1536":"https:\/\/viktor-solothurn.ch\/app\/uploads\/2023\/06\/MP_3305-1536x1024.jpg","1536x1536-width":1536,"1536x1536-height":1024,"2048x2048":"https:\/\/viktor-solothurn.ch\/app\/uploads\/2023\/06\/MP_3305-2048x1366.jpg","2048x2048-width":2048,"2048x2048-height":1366}}}},{"image":{"ID":4307,"id":4307,"title":"MP_3145-aspect-ratio-1920-1080","filename":"MP_3145-aspect-ratio-1920-1080-2.jpg","filesize":549527,"url":"https:\/\/viktor-solothurn.ch\/app\/uploads\/2023\/06\/MP_3145-aspect-ratio-1920-1080-2.jpg","link":"https:\/\/viktor-solothurn.ch\/fr\/home\/mp_3145-aspect-ratio-1920-1080\/","alt":"","author":"4","description":"","caption":"","name":"mp_3145-aspect-ratio-1920-1080","status":"inherit","uploaded_to":3599,"date":"2023-06-02 08:24:33","modified":"2023-06-02 08:25:42","menu_order":0,"mime_type":"image\/jpeg","type":"image","subtype":"jpeg","icon":"https:\/\/viktor-solothurn.ch\/wp\/wp-includes\/images\/media\/default.png","width":2500,"height":1406,"sizes":{"thumbnail":"https:\/\/viktor-solothurn.ch\/app\/uploads\/2023\/06\/MP_3145-aspect-ratio-1920-1080-2-150x150.jpg","thumbnail-width":150,"thumbnail-height":150,"medium":"https:\/\/viktor-solothurn.ch\/app\/uploads\/2023\/06\/MP_3145-aspect-ratio-1920-1080-2-300x169.jpg","medium-width":300,"medium-height":169,"medium_large":"https:\/\/viktor-solothurn.ch\/app\/uploads\/2023\/06\/MP_3145-aspect-ratio-1920-1080-2-768x432.jpg","medium_large-width":768,"medium_large-height":432,"large":"https:\/\/viktor-solothurn.ch\/app\/uploads\/2023\/06\/MP_3145-aspect-ratio-1920-1080-2-1024x576.jpg","large-width":1024,"large-height":576,"1536x1536":"https:\/\/viktor-solothurn.ch\/app\/uploads\/2023\/06\/MP_3145-aspect-ratio-1920-1080-2-1536x864.jpg","1536x1536-width":1536,"1536x1536-height":864,"2048x2048":"https:\/\/viktor-solothurn.ch\/app\/uploads\/2023\/06\/MP_3145-aspect-ratio-1920-1080-2-2048x1152.jpg","2048x2048-width":2048,"2048x2048-height":1152},"original_image":{"ID":4265,"id":4265,"title":"_MP_3145","filename":"MP_3145.jpg","filesize":3233364,"url":"https:\/\/viktor-solothurn.ch\/app\/uploads\/2023\/06\/MP_3145.jpg","link":"https:\/\/viktor-solothurn.ch\/fr\/home\/_mp_3145-2\/","alt":"","author":"4","description":"","caption":"","name":"_mp_3145-2","status":"inherit","uploaded_to":3599,"date":"2023-06-02 08:16:19","modified":"2023-06-02 08:16:19","menu_order":0,"mime_type":"image\/jpeg","type":"image","subtype":"jpeg","icon":"https:\/\/viktor-solothurn.ch\/wp\/wp-includes\/images\/media\/default.png","width":2500,"height":1668,"sizes":{"thumbnail":"https:\/\/viktor-solothurn.ch\/app\/uploads\/2023\/06\/MP_3145-150x150.jpg","thumbnail-width":150,"thumbnail-height":150,"medium":"https:\/\/viktor-solothurn.ch\/app\/uploads\/2023\/06\/MP_3145-300x200.jpg","medium-width":300,"medium-height":200,"medium_large":"https:\/\/viktor-solothurn.ch\/app\/uploads\/2023\/06\/MP_3145-768x512.jpg","medium_large-width":768,"medium_large-height":512,"large":"https:\/\/viktor-solothurn.ch\/app\/uploads\/2023\/06\/MP_3145-1024x683.jpg","large-width":1024,"large-height":683,"1536x1536":"https:\/\/viktor-solothurn.ch\/app\/uploads\/2023\/06\/MP_3145-1536x1025.jpg","1536x1536-width":1536,"1536x1536-height":1025,"2048x2048":"https:\/\/viktor-solothurn.ch\/app\/uploads\/2023\/06\/MP_3145-2048x1366.jpg","2048x2048-width":2048,"2048x2048-height":1366}}}},{"image":{"ID":4521,"id":4521,"title":"viktor-05-aspect-ratio-1920-1080","filename":"viktor-05-aspect-ratio-1920-1080-2.jpg","filesize":346498,"url":"https:\/\/viktor-solothurn.ch\/app\/uploads\/2024\/02\/viktor-05-aspect-ratio-1920-1080-2.jpg","link":"https:\/\/viktor-solothurn.ch\/fr\/home\/viktor-05-aspect-ratio-1920-1080\/","alt":"","author":"4","description":"","caption":"","name":"viktor-05-aspect-ratio-1920-1080","status":"inherit","uploaded_to":3599,"date":"2024-02-26 10:43:39","modified":"2024-02-26 10:44:34","menu_order":0,"mime_type":"image\/jpeg","type":"image","subtype":"jpeg","icon":"https:\/\/viktor-solothurn.ch\/wp\/wp-includes\/images\/media\/default.png","width":1944,"height":1094,"sizes":{"thumbnail":"https:\/\/viktor-solothurn.ch\/app\/uploads\/2024\/02\/viktor-05-aspect-ratio-1920-1080-2-150x150.jpg","thumbnail-width":150,"thumbnail-height":150,"medium":"https:\/\/viktor-solothurn.ch\/app\/uploads\/2024\/02\/viktor-05-aspect-ratio-1920-1080-2-300x169.jpg","medium-width":300,"medium-height":169,"medium_large":"https:\/\/viktor-solothurn.ch\/app\/uploads\/2024\/02\/viktor-05-aspect-ratio-1920-1080-2-768x432.jpg","medium_large-width":768,"medium_large-height":432,"large":"https:\/\/viktor-solothurn.ch\/app\/uploads\/2024\/02\/viktor-05-aspect-ratio-1920-1080-2-1024x576.jpg","large-width":1024,"large-height":576,"1536x1536":"https:\/\/viktor-solothurn.ch\/app\/uploads\/2024\/02\/viktor-05-aspect-ratio-1920-1080-2-1536x864.jpg","1536x1536-width":1536,"1536x1536-height":864,"2048x2048":"https:\/\/viktor-solothurn.ch\/app\/uploads\/2024\/02\/viktor-05-aspect-ratio-1920-1080-2.jpg","2048x2048-width":1944,"2048x2048-height":1094},"original_image":{"ID":4509,"id":4509,"title":"viktor-05","filename":"viktor-05.jpg","filesize":728471,"url":"https:\/\/viktor-solothurn.ch\/app\/uploads\/2024\/02\/viktor-05.jpg","link":"https:\/\/viktor-solothurn.ch\/fr\/home\/viktor-05-2\/","alt":"","author":"4","description":"","caption":"","name":"viktor-05-2","status":"inherit","uploaded_to":3599,"date":"2024-02-26 10:40:56","modified":"2024-02-26 10:40:56","menu_order":0,"mime_type":"image\/jpeg","type":"image","subtype":"jpeg","icon":"https:\/\/viktor-solothurn.ch\/wp\/wp-includes\/images\/media\/default.png","width":2048,"height":1094,"sizes":{"thumbnail":"https:\/\/viktor-solothurn.ch\/app\/uploads\/2024\/02\/viktor-05-150x150.jpg","thumbnail-width":150,"thumbnail-height":150,"medium":"https:\/\/viktor-solothurn.ch\/app\/uploads\/2024\/02\/viktor-05-300x160.jpg","medium-width":300,"medium-height":160,"medium_large":"https:\/\/viktor-solothurn.ch\/app\/uploads\/2024\/02\/viktor-05-768x410.jpg","medium_large-width":768,"medium_large-height":410,"large":"https:\/\/viktor-solothurn.ch\/app\/uploads\/2024\/02\/viktor-05-1024x547.jpg","large-width":1024,"large-height":547,"1536x1536":"https:\/\/viktor-solothurn.ch\/app\/uploads\/2024\/02\/viktor-05-1536x821.jpg","1536x1536-width":1536,"1536x1536-height":821,"2048x2048":"https:\/\/viktor-solothurn.ch\/app\/uploads\/2024\/02\/viktor-05.jpg","2048x2048-width":2048,"2048x2048-height":1094}}}},{"image":{"ID":4512,"id":4512,"title":"viktor-06","filename":"viktor-06.jpg","filesize":867704,"url":"https:\/\/viktor-solothurn.ch\/app\/uploads\/2024\/02\/viktor-06.jpg","link":"https:\/\/viktor-solothurn.ch\/fr\/home\/viktor-06-2\/","alt":"","author":"4","description":"","caption":"","name":"viktor-06-2","status":"inherit","uploaded_to":3599,"date":"2024-02-26 10:41:02","modified":"2024-02-26 10:41:02","menu_order":0,"mime_type":"image\/jpeg","type":"image","subtype":"jpeg","icon":"https:\/\/viktor-solothurn.ch\/wp\/wp-includes\/images\/media\/default.png","width":2048,"height":1152,"sizes":{"thumbnail":"https:\/\/viktor-solothurn.ch\/app\/uploads\/2024\/02\/viktor-06-150x150.jpg","thumbnail-width":150,"thumbnail-height":150,"medium":"https:\/\/viktor-solothurn.ch\/app\/uploads\/2024\/02\/viktor-06-300x169.jpg","medium-width":300,"medium-height":169,"medium_large":"https:\/\/viktor-solothurn.ch\/app\/uploads\/2024\/02\/viktor-06-768x432.jpg","medium_large-width":768,"medium_large-height":432,"large":"https:\/\/viktor-solothurn.ch\/app\/uploads\/2024\/02\/viktor-06-1024x576.jpg","large-width":1024,"large-height":576,"1536x1536":"https:\/\/viktor-solothurn.ch\/app\/uploads\/2024\/02\/viktor-06-1536x864.jpg","1536x1536-width":1536,"1536x1536-height":864,"2048x2048":"https:\/\/viktor-solothurn.ch\/app\/uploads\/2024\/02\/viktor-06.jpg","2048x2048-width":2048,"2048x2048-height":1152},"original_image":null}},{"image":{"ID":4310,"id":4310,"title":"MP_3737-aspect-ratio-1920-1080","filename":"MP_3737-aspect-ratio-1920-1080-2.jpg","filesize":674139,"url":"https:\/\/viktor-solothurn.ch\/app\/uploads\/2023\/06\/MP_3737-aspect-ratio-1920-1080-2.jpg","link":"https:\/\/viktor-solothurn.ch\/fr\/home\/mp_3737-aspect-ratio-1920-1080\/","alt":"","author":"4","description":"","caption":"","name":"mp_3737-aspect-ratio-1920-1080","status":"inherit","uploaded_to":3599,"date":"2023-06-02 08:24:52","modified":"2023-06-02 08:25:42","menu_order":0,"mime_type":"image\/jpeg","type":"image","subtype":"jpeg","icon":"https:\/\/viktor-solothurn.ch\/wp\/wp-includes\/images\/media\/default.png","width":2500,"height":1407,"sizes":{"thumbnail":"https:\/\/viktor-solothurn.ch\/app\/uploads\/2023\/06\/MP_3737-aspect-ratio-1920-1080-2-150x150.jpg","thumbnail-width":150,"thumbnail-height":150,"medium":"https:\/\/viktor-solothurn.ch\/app\/uploads\/2023\/06\/MP_3737-aspect-ratio-1920-1080-2-300x169.jpg","medium-width":300,"medium-height":169,"medium_large":"https:\/\/viktor-solothurn.ch\/app\/uploads\/2023\/06\/MP_3737-aspect-ratio-1920-1080-2-768x432.jpg","medium_large-width":768,"medium_large-height":432,"large":"https:\/\/viktor-solothurn.ch\/app\/uploads\/2023\/06\/MP_3737-aspect-ratio-1920-1080-2-1024x576.jpg","large-width":1024,"large-height":576,"1536x1536":"https:\/\/viktor-solothurn.ch\/app\/uploads\/2023\/06\/MP_3737-aspect-ratio-1920-1080-2-1536x864.jpg","1536x1536-width":1536,"1536x1536-height":864,"2048x2048":"https:\/\/viktor-solothurn.ch\/app\/uploads\/2023\/06\/MP_3737-aspect-ratio-1920-1080-2-2048x1153.jpg","2048x2048-width":2048,"2048x2048-height":1153},"original_image":{"ID":4244,"id":4244,"title":"_MP_3737","filename":"MP_3737.jpg","filesize":4132248,"url":"https:\/\/viktor-solothurn.ch\/app\/uploads\/2023\/06\/MP_3737.jpg","link":"https:\/\/viktor-solothurn.ch\/fr\/home\/_mp_3737-2\/","alt":"","author":"4","description":"","caption":"","name":"_mp_3737-2","status":"inherit","uploaded_to":3599,"date":"2023-06-02 08:14:49","modified":"2023-06-02 08:14:49","menu_order":0,"mime_type":"image\/jpeg","type":"image","subtype":"jpeg","icon":"https:\/\/viktor-solothurn.ch\/wp\/wp-includes\/images\/media\/default.png","width":2500,"height":1667,"sizes":{"thumbnail":"https:\/\/viktor-solothurn.ch\/app\/uploads\/2023\/06\/MP_3737-150x150.jpg","thumbnail-width":150,"thumbnail-height":150,"medium":"https:\/\/viktor-solothurn.ch\/app\/uploads\/2023\/06\/MP_3737-300x200.jpg","medium-width":300,"medium-height":200,"medium_large":"https:\/\/viktor-solothurn.ch\/app\/uploads\/2023\/06\/MP_3737-768x512.jpg","medium_large-width":768,"medium_large-height":512,"large":"https:\/\/viktor-solothurn.ch\/app\/uploads\/2023\/06\/MP_3737-1024x683.jpg","large-width":1024,"large-height":683,"1536x1536":"https:\/\/viktor-solothurn.ch\/app\/uploads\/2023\/06\/MP_3737-1536x1024.jpg","1536x1536-width":1536,"1536x1536-height":1024,"2048x2048":"https:\/\/viktor-solothurn.ch\/app\/uploads\/2023\/06\/MP_3737-2048x1366.jpg","2048x2048-width":2048,"2048x2048-height":1366}}}},{"image":{"ID":4313,"id":4313,"title":"MP_4016-aspect-ratio-1920-1080","filename":"MP_4016-aspect-ratio-1920-1080-2.jpg","filesize":565892,"url":"https:\/\/viktor-solothurn.ch\/app\/uploads\/2023\/06\/MP_4016-aspect-ratio-1920-1080-2.jpg","link":"https:\/\/viktor-solothurn.ch\/fr\/home\/mp_4016-aspect-ratio-1920-1080\/","alt":"","author":"4","description":"","caption":"","name":"mp_4016-aspect-ratio-1920-1080","status":"inherit","uploaded_to":3599,"date":"2023-06-02 08:25:16","modified":"2023-06-02 08:25:42","menu_order":0,"mime_type":"image\/jpeg","type":"image","subtype":"jpeg","icon":"https:\/\/viktor-solothurn.ch\/wp\/wp-includes\/images\/media\/default.png","width":2500,"height":1407,"sizes":{"thumbnail":"https:\/\/viktor-solothurn.ch\/app\/uploads\/2023\/06\/MP_4016-aspect-ratio-1920-1080-2-150x150.jpg","thumbnail-width":150,"thumbnail-height":150,"medium":"https:\/\/viktor-solothurn.ch\/app\/uploads\/2023\/06\/MP_4016-aspect-ratio-1920-1080-2-300x169.jpg","medium-width":300,"medium-height":169,"medium_large":"https:\/\/viktor-solothurn.ch\/app\/uploads\/2023\/06\/MP_4016-aspect-ratio-1920-1080-2-768x432.jpg","medium_large-width":768,"medium_large-height":432,"large":"https:\/\/viktor-solothurn.ch\/app\/uploads\/2023\/06\/MP_4016-aspect-ratio-1920-1080-2-1024x576.jpg","large-width":1024,"large-height":576,"1536x1536":"https:\/\/viktor-solothurn.ch\/app\/uploads\/2023\/06\/MP_4016-aspect-ratio-1920-1080-2-1536x864.jpg","1536x1536-width":1536,"1536x1536-height":864,"2048x2048":"https:\/\/viktor-solothurn.ch\/app\/uploads\/2023\/06\/MP_4016-aspect-ratio-1920-1080-2-2048x1153.jpg","2048x2048-width":2048,"2048x2048-height":1153},"original_image":{"ID":4238,"id":4238,"title":"_MP_4016","filename":"MP_4016.jpg","filesize":3523911,"url":"https:\/\/viktor-solothurn.ch\/app\/uploads\/2023\/06\/MP_4016.jpg","link":"https:\/\/viktor-solothurn.ch\/fr\/home\/_mp_4016-2\/","alt":"","author":"4","description":"","caption":"","name":"_mp_4016-2","status":"inherit","uploaded_to":3599,"date":"2023-06-02 08:14:32","modified":"2023-06-02 08:14:32","menu_order":0,"mime_type":"image\/jpeg","type":"image","subtype":"jpeg","icon":"https:\/\/viktor-solothurn.ch\/wp\/wp-includes\/images\/media\/default.png","width":2500,"height":1667,"sizes":{"thumbnail":"https:\/\/viktor-solothurn.ch\/app\/uploads\/2023\/06\/MP_4016-150x150.jpg","thumbnail-width":150,"thumbnail-height":150,"medium":"https:\/\/viktor-solothurn.ch\/app\/uploads\/2023\/06\/MP_4016-300x200.jpg","medium-width":300,"medium-height":200,"medium_large":"https:\/\/viktor-solothurn.ch\/app\/uploads\/2023\/06\/MP_4016-768x512.jpg","medium_large-width":768,"medium_large-height":512,"large":"https:\/\/viktor-solothurn.ch\/app\/uploads\/2023\/06\/MP_4016-1024x683.jpg","large-width":1024,"large-height":683,"1536x1536":"https:\/\/viktor-solothurn.ch\/app\/uploads\/2023\/06\/MP_4016-1536x1024.jpg","1536x1536-width":1536,"1536x1536-height":1024,"2048x2048":"https:\/\/viktor-solothurn.ch\/app\/uploads\/2023\/06\/MP_4016-2048x1366.jpg","2048x2048-width":2048,"2048x2048-height":1366}}}}],"videos":{"video":false,"poster":false}},"jumbo_header":{"jumbo-header":{"type":"image","text-mode":"left","text":"<p>Ton rendez-vous sur la place du march\u00e9<\/p>\n","slider":[{"image":{"ID":4301,"id":4301,"title":"MP_3227-aspect-ratio-1920-1080","filename":"MP_3227-aspect-ratio-1920-1080-2.jpg","filesize":589949,"url":"https:\/\/viktor-solothurn.ch\/app\/uploads\/2023\/06\/MP_3227-aspect-ratio-1920-1080-2.jpg","link":"https:\/\/viktor-solothurn.ch\/fr\/home\/mp_3227-aspect-ratio-1920-1080\/","alt":"","author":"4","description":"","caption":"","name":"mp_3227-aspect-ratio-1920-1080","status":"inherit","uploaded_to":3599,"date":"2023-06-02 08:23:56","modified":"2023-06-02 08:25:42","menu_order":0,"mime_type":"image\/jpeg","type":"image","subtype":"jpeg","icon":"https:\/\/viktor-solothurn.ch\/wp\/wp-includes\/images\/media\/default.png","width":2500,"height":1407,"sizes":{"thumbnail":"https:\/\/viktor-solothurn.ch\/app\/uploads\/2023\/06\/MP_3227-aspect-ratio-1920-1080-2-150x150.jpg","thumbnail-width":150,"thumbnail-height":150,"medium":"https:\/\/viktor-solothurn.ch\/app\/uploads\/2023\/06\/MP_3227-aspect-ratio-1920-1080-2-300x169.jpg","medium-width":300,"medium-height":169,"medium_large":"https:\/\/viktor-solothurn.ch\/app\/uploads\/2023\/06\/MP_3227-aspect-ratio-1920-1080-2-768x432.jpg","medium_large-width":768,"medium_large-height":432,"large":"https:\/\/viktor-solothurn.ch\/app\/uploads\/2023\/06\/MP_3227-aspect-ratio-1920-1080-2-1024x576.jpg","large-width":1024,"large-height":576,"1536x1536":"https:\/\/viktor-solothurn.ch\/app\/uploads\/2023\/06\/MP_3227-aspect-ratio-1920-1080-2-1536x864.jpg","1536x1536-width":1536,"1536x1536-height":864,"2048x2048":"https:\/\/viktor-solothurn.ch\/app\/uploads\/2023\/06\/MP_3227-aspect-ratio-1920-1080-2-2048x1153.jpg","2048x2048-width":2048,"2048x2048-height":1153},"original_image":{"ID":4262,"id":4262,"title":"_MP_3227","filename":"MP_3227.jpg","filesize":3353481,"url":"https:\/\/viktor-solothurn.ch\/app\/uploads\/2023\/06\/MP_3227.jpg","link":"https:\/\/viktor-solothurn.ch\/fr\/home\/_mp_3227-2\/","alt":"","author":"4","description":"","caption":"","name":"_mp_3227-2","status":"inherit","uploaded_to":3599,"date":"2023-06-02 08:16:05","modified":"2023-06-02 08:16:05","menu_order":0,"mime_type":"image\/jpeg","type":"image","subtype":"jpeg","icon":"https:\/\/viktor-solothurn.ch\/wp\/wp-includes\/images\/media\/default.png","width":2500,"height":1667,"sizes":{"thumbnail":"https:\/\/viktor-solothurn.ch\/app\/uploads\/2023\/06\/MP_3227-150x150.jpg","thumbnail-width":150,"thumbnail-height":150,"medium":"https:\/\/viktor-solothurn.ch\/app\/uploads\/2023\/06\/MP_3227-300x200.jpg","medium-width":300,"medium-height":200,"medium_large":"https:\/\/viktor-solothurn.ch\/app\/uploads\/2023\/06\/MP_3227-768x512.jpg","medium_large-width":768,"medium_large-height":512,"large":"https:\/\/viktor-solothurn.ch\/app\/uploads\/2023\/06\/MP_3227-1024x683.jpg","large-width":1024,"large-height":683,"1536x1536":"https:\/\/viktor-solothurn.ch\/app\/uploads\/2023\/06\/MP_3227-1536x1024.jpg","1536x1536-width":1536,"1536x1536-height":1024,"2048x2048":"https:\/\/viktor-solothurn.ch\/app\/uploads\/2023\/06\/MP_3227-2048x1366.jpg","2048x2048-width":2048,"2048x2048-height":1366}}}},{"image":{"ID":4304,"id":4304,"title":"MP_3305-aspect-ratio-1920-1080","filename":"MP_3305-aspect-ratio-1920-1080-2.jpg","filesize":848303,"url":"https:\/\/viktor-solothurn.ch\/app\/uploads\/2023\/06\/MP_3305-aspect-ratio-1920-1080-2.jpg","link":"https:\/\/viktor-solothurn.ch\/fr\/home\/mp_3305-aspect-ratio-1920-1080\/","alt":"","author":"4","description":"","caption":"","name":"mp_3305-aspect-ratio-1920-1080","status":"inherit","uploaded_to":3599,"date":"2023-06-02 08:24:16","modified":"2023-06-02 08:25:42","menu_order":0,"mime_type":"image\/jpeg","type":"image","subtype":"jpeg","icon":"https:\/\/viktor-solothurn.ch\/wp\/wp-includes\/images\/media\/default.png","width":2500,"height":1407,"sizes":{"thumbnail":"https:\/\/viktor-solothurn.ch\/app\/uploads\/2023\/06\/MP_3305-aspect-ratio-1920-1080-2-150x150.jpg","thumbnail-width":150,"thumbnail-height":150,"medium":"https:\/\/viktor-solothurn.ch\/app\/uploads\/2023\/06\/MP_3305-aspect-ratio-1920-1080-2-300x169.jpg","medium-width":300,"medium-height":169,"medium_large":"https:\/\/viktor-solothurn.ch\/app\/uploads\/2023\/06\/MP_3305-aspect-ratio-1920-1080-2-768x432.jpg","medium_large-width":768,"medium_large-height":432,"large":"https:\/\/viktor-solothurn.ch\/app\/uploads\/2023\/06\/MP_3305-aspect-ratio-1920-1080-2-1024x576.jpg","large-width":1024,"large-height":576,"1536x1536":"https:\/\/viktor-solothurn.ch\/app\/uploads\/2023\/06\/MP_3305-aspect-ratio-1920-1080-2-1536x864.jpg","1536x1536-width":1536,"1536x1536-height":864,"2048x2048":"https:\/\/viktor-solothurn.ch\/app\/uploads\/2023\/06\/MP_3305-aspect-ratio-1920-1080-2-2048x1153.jpg","2048x2048-width":2048,"2048x2048-height":1153},"original_image":{"ID":4256,"id":4256,"title":"_MP_3305","filename":"MP_3305.jpg","filesize":4274334,"url":"https:\/\/viktor-solothurn.ch\/app\/uploads\/2023\/06\/MP_3305.jpg","link":"https:\/\/viktor-solothurn.ch\/fr\/home\/_mp_3305-2\/","alt":"","author":"4","description":"","caption":"","name":"_mp_3305-2","status":"inherit","uploaded_to":3599,"date":"2023-06-02 08:15:37","modified":"2023-06-02 08:15:37","menu_order":0,"mime_type":"image\/jpeg","type":"image","subtype":"jpeg","icon":"https:\/\/viktor-solothurn.ch\/wp\/wp-includes\/images\/media\/default.png","width":2500,"height":1667,"sizes":{"thumbnail":"https:\/\/viktor-solothurn.ch\/app\/uploads\/2023\/06\/MP_3305-150x150.jpg","thumbnail-width":150,"thumbnail-height":150,"medium":"https:\/\/viktor-solothurn.ch\/app\/uploads\/2023\/06\/MP_3305-300x200.jpg","medium-width":300,"medium-height":200,"medium_large":"https:\/\/viktor-solothurn.ch\/app\/uploads\/2023\/06\/MP_3305-768x512.jpg","medium_large-width":768,"medium_large-height":512,"large":"https:\/\/viktor-solothurn.ch\/app\/uploads\/2023\/06\/MP_3305-1024x683.jpg","large-width":1024,"large-height":683,"1536x1536":"https:\/\/viktor-solothurn.ch\/app\/uploads\/2023\/06\/MP_3305-1536x1024.jpg","1536x1536-width":1536,"1536x1536-height":1024,"2048x2048":"https:\/\/viktor-solothurn.ch\/app\/uploads\/2023\/06\/MP_3305-2048x1366.jpg","2048x2048-width":2048,"2048x2048-height":1366}}}},{"image":{"ID":4307,"id":4307,"title":"MP_3145-aspect-ratio-1920-1080","filename":"MP_3145-aspect-ratio-1920-1080-2.jpg","filesize":549527,"url":"https:\/\/viktor-solothurn.ch\/app\/uploads\/2023\/06\/MP_3145-aspect-ratio-1920-1080-2.jpg","link":"https:\/\/viktor-solothurn.ch\/fr\/home\/mp_3145-aspect-ratio-1920-1080\/","alt":"","author":"4","description":"","caption":"","name":"mp_3145-aspect-ratio-1920-1080","status":"inherit","uploaded_to":3599,"date":"2023-06-02 08:24:33","modified":"2023-06-02 08:25:42","menu_order":0,"mime_type":"image\/jpeg","type":"image","subtype":"jpeg","icon":"https:\/\/viktor-solothurn.ch\/wp\/wp-includes\/images\/media\/default.png","width":2500,"height":1406,"sizes":{"thumbnail":"https:\/\/viktor-solothurn.ch\/app\/uploads\/2023\/06\/MP_3145-aspect-ratio-1920-1080-2-150x150.jpg","thumbnail-width":150,"thumbnail-height":150,"medium":"https:\/\/viktor-solothurn.ch\/app\/uploads\/2023\/06\/MP_3145-aspect-ratio-1920-1080-2-300x169.jpg","medium-width":300,"medium-height":169,"medium_large":"https:\/\/viktor-solothurn.ch\/app\/uploads\/2023\/06\/MP_3145-aspect-ratio-1920-1080-2-768x432.jpg","medium_large-width":768,"medium_large-height":432,"large":"https:\/\/viktor-solothurn.ch\/app\/uploads\/2023\/06\/MP_3145-aspect-ratio-1920-1080-2-1024x576.jpg","large-width":1024,"large-height":576,"1536x1536":"https:\/\/viktor-solothurn.ch\/app\/uploads\/2023\/06\/MP_3145-aspect-ratio-1920-1080-2-1536x864.jpg","1536x1536-width":1536,"1536x1536-height":864,"2048x2048":"https:\/\/viktor-solothurn.ch\/app\/uploads\/2023\/06\/MP_3145-aspect-ratio-1920-1080-2-2048x1152.jpg","2048x2048-width":2048,"2048x2048-height":1152},"original_image":{"ID":4265,"id":4265,"title":"_MP_3145","filename":"MP_3145.jpg","filesize":3233364,"url":"https:\/\/viktor-solothurn.ch\/app\/uploads\/2023\/06\/MP_3145.jpg","link":"https:\/\/viktor-solothurn.ch\/fr\/home\/_mp_3145-2\/","alt":"","author":"4","description":"","caption":"","name":"_mp_3145-2","status":"inherit","uploaded_to":3599,"date":"2023-06-02 08:16:19","modified":"2023-06-02 08:16:19","menu_order":0,"mime_type":"image\/jpeg","type":"image","subtype":"jpeg","icon":"https:\/\/viktor-solothurn.ch\/wp\/wp-includes\/images\/media\/default.png","width":2500,"height":1668,"sizes":{"thumbnail":"https:\/\/viktor-solothurn.ch\/app\/uploads\/2023\/06\/MP_3145-150x150.jpg","thumbnail-width":150,"thumbnail-height":150,"medium":"https:\/\/viktor-solothurn.ch\/app\/uploads\/2023\/06\/MP_3145-300x200.jpg","medium-width":300,"medium-height":200,"medium_large":"https:\/\/viktor-solothurn.ch\/app\/uploads\/2023\/06\/MP_3145-768x512.jpg","medium_large-width":768,"medium_large-height":512,"large":"https:\/\/viktor-solothurn.ch\/app\/uploads\/2023\/06\/MP_3145-1024x683.jpg","large-width":1024,"large-height":683,"1536x1536":"https:\/\/viktor-solothurn.ch\/app\/uploads\/2023\/06\/MP_3145-1536x1025.jpg","1536x1536-width":1536,"1536x1536-height":1025,"2048x2048":"https:\/\/viktor-solothurn.ch\/app\/uploads\/2023\/06\/MP_3145-2048x1366.jpg","2048x2048-width":2048,"2048x2048-height":1366}}}},{"image":{"ID":4521,"id":4521,"title":"viktor-05-aspect-ratio-1920-1080","filename":"viktor-05-aspect-ratio-1920-1080-2.jpg","filesize":346498,"url":"https:\/\/viktor-solothurn.ch\/app\/uploads\/2024\/02\/viktor-05-aspect-ratio-1920-1080-2.jpg","link":"https:\/\/viktor-solothurn.ch\/fr\/home\/viktor-05-aspect-ratio-1920-1080\/","alt":"","author":"4","description":"","caption":"","name":"viktor-05-aspect-ratio-1920-1080","status":"inherit","uploaded_to":3599,"date":"2024-02-26 10:43:39","modified":"2024-02-26 10:44:34","menu_order":0,"mime_type":"image\/jpeg","type":"image","subtype":"jpeg","icon":"https:\/\/viktor-solothurn.ch\/wp\/wp-includes\/images\/media\/default.png","width":1944,"height":1094,"sizes":{"thumbnail":"https:\/\/viktor-solothurn.ch\/app\/uploads\/2024\/02\/viktor-05-aspect-ratio-1920-1080-2-150x150.jpg","thumbnail-width":150,"thumbnail-height":150,"medium":"https:\/\/viktor-solothurn.ch\/app\/uploads\/2024\/02\/viktor-05-aspect-ratio-1920-1080-2-300x169.jpg","medium-width":300,"medium-height":169,"medium_large":"https:\/\/viktor-solothurn.ch\/app\/uploads\/2024\/02\/viktor-05-aspect-ratio-1920-1080-2-768x432.jpg","medium_large-width":768,"medium_large-height":432,"large":"https:\/\/viktor-solothurn.ch\/app\/uploads\/2024\/02\/viktor-05-aspect-ratio-1920-1080-2-1024x576.jpg","large-width":1024,"large-height":576,"1536x1536":"https:\/\/viktor-solothurn.ch\/app\/uploads\/2024\/02\/viktor-05-aspect-ratio-1920-1080-2-1536x864.jpg","1536x1536-width":1536,"1536x1536-height":864,"2048x2048":"https:\/\/viktor-solothurn.ch\/app\/uploads\/2024\/02\/viktor-05-aspect-ratio-1920-1080-2.jpg","2048x2048-width":1944,"2048x2048-height":1094},"original_image":{"ID":4509,"id":4509,"title":"viktor-05","filename":"viktor-05.jpg","filesize":728471,"url":"https:\/\/viktor-solothurn.ch\/app\/uploads\/2024\/02\/viktor-05.jpg","link":"https:\/\/viktor-solothurn.ch\/fr\/home\/viktor-05-2\/","alt":"","author":"4","description":"","caption":"","name":"viktor-05-2","status":"inherit","uploaded_to":3599,"date":"2024-02-26 10:40:56","modified":"2024-02-26 10:40:56","menu_order":0,"mime_type":"image\/jpeg","type":"image","subtype":"jpeg","icon":"https:\/\/viktor-solothurn.ch\/wp\/wp-includes\/images\/media\/default.png","width":2048,"height":1094,"sizes":{"thumbnail":"https:\/\/viktor-solothurn.ch\/app\/uploads\/2024\/02\/viktor-05-150x150.jpg","thumbnail-width":150,"thumbnail-height":150,"medium":"https:\/\/viktor-solothurn.ch\/app\/uploads\/2024\/02\/viktor-05-300x160.jpg","medium-width":300,"medium-height":160,"medium_large":"https:\/\/viktor-solothurn.ch\/app\/uploads\/2024\/02\/viktor-05-768x410.jpg","medium_large-width":768,"medium_large-height":410,"large":"https:\/\/viktor-solothurn.ch\/app\/uploads\/2024\/02\/viktor-05-1024x547.jpg","large-width":1024,"large-height":547,"1536x1536":"https:\/\/viktor-solothurn.ch\/app\/uploads\/2024\/02\/viktor-05-1536x821.jpg","1536x1536-width":1536,"1536x1536-height":821,"2048x2048":"https:\/\/viktor-solothurn.ch\/app\/uploads\/2024\/02\/viktor-05.jpg","2048x2048-width":2048,"2048x2048-height":1094}}}},{"image":{"ID":4512,"id":4512,"title":"viktor-06","filename":"viktor-06.jpg","filesize":867704,"url":"https:\/\/viktor-solothurn.ch\/app\/uploads\/2024\/02\/viktor-06.jpg","link":"https:\/\/viktor-solothurn.ch\/fr\/home\/viktor-06-2\/","alt":"","author":"4","description":"","caption":"","name":"viktor-06-2","status":"inherit","uploaded_to":3599,"date":"2024-02-26 10:41:02","modified":"2024-02-26 10:41:02","menu_order":0,"mime_type":"image\/jpeg","type":"image","subtype":"jpeg","icon":"https:\/\/viktor-solothurn.ch\/wp\/wp-includes\/images\/media\/default.png","width":2048,"height":1152,"sizes":{"thumbnail":"https:\/\/viktor-solothurn.ch\/app\/uploads\/2024\/02\/viktor-06-150x150.jpg","thumbnail-width":150,"thumbnail-height":150,"medium":"https:\/\/viktor-solothurn.ch\/app\/uploads\/2024\/02\/viktor-06-300x169.jpg","medium-width":300,"medium-height":169,"medium_large":"https:\/\/viktor-solothurn.ch\/app\/uploads\/2024\/02\/viktor-06-768x432.jpg","medium_large-width":768,"medium_large-height":432,"large":"https:\/\/viktor-solothurn.ch\/app\/uploads\/2024\/02\/viktor-06-1024x576.jpg","large-width":1024,"large-height":576,"1536x1536":"https:\/\/viktor-solothurn.ch\/app\/uploads\/2024\/02\/viktor-06-1536x864.jpg","1536x1536-width":1536,"1536x1536-height":864,"2048x2048":"https:\/\/viktor-solothurn.ch\/app\/uploads\/2024\/02\/viktor-06.jpg","2048x2048-width":2048,"2048x2048-height":1152},"original_image":null}},{"image":{"ID":4310,"id":4310,"title":"MP_3737-aspect-ratio-1920-1080","filename":"MP_3737-aspect-ratio-1920-1080-2.jpg","filesize":674139,"url":"https:\/\/viktor-solothurn.ch\/app\/uploads\/2023\/06\/MP_3737-aspect-ratio-1920-1080-2.jpg","link":"https:\/\/viktor-solothurn.ch\/fr\/home\/mp_3737-aspect-ratio-1920-1080\/","alt":"","author":"4","description":"","caption":"","name":"mp_3737-aspect-ratio-1920-1080","status":"inherit","uploaded_to":3599,"date":"2023-06-02 08:24:52","modified":"2023-06-02 08:25:42","menu_order":0,"mime_type":"image\/jpeg","type":"image","subtype":"jpeg","icon":"https:\/\/viktor-solothurn.ch\/wp\/wp-includes\/images\/media\/default.png","width":2500,"height":1407,"sizes":{"thumbnail":"https:\/\/viktor-solothurn.ch\/app\/uploads\/2023\/06\/MP_3737-aspect-ratio-1920-1080-2-150x150.jpg","thumbnail-width":150,"thumbnail-height":150,"medium":"https:\/\/viktor-solothurn.ch\/app\/uploads\/2023\/06\/MP_3737-aspect-ratio-1920-1080-2-300x169.jpg","medium-width":300,"medium-height":169,"medium_large":"https:\/\/viktor-solothurn.ch\/app\/uploads\/2023\/06\/MP_3737-aspect-ratio-1920-1080-2-768x432.jpg","medium_large-width":768,"medium_large-height":432,"large":"https:\/\/viktor-solothurn.ch\/app\/uploads\/2023\/06\/MP_3737-aspect-ratio-1920-1080-2-1024x576.jpg","large-width":1024,"large-height":576,"1536x1536":"https:\/\/viktor-solothurn.ch\/app\/uploads\/2023\/06\/MP_3737-aspect-ratio-1920-1080-2-1536x864.jpg","1536x1536-width":1536,"1536x1536-height":864,"2048x2048":"https:\/\/viktor-solothurn.ch\/app\/uploads\/2023\/06\/MP_3737-aspect-ratio-1920-1080-2-2048x1153.jpg","2048x2048-width":2048,"2048x2048-height":1153},"original_image":{"ID":4244,"id":4244,"title":"_MP_3737","filename":"MP_3737.jpg","filesize":4132248,"url":"https:\/\/viktor-solothurn.ch\/app\/uploads\/2023\/06\/MP_3737.jpg","link":"https:\/\/viktor-solothurn.ch\/fr\/home\/_mp_3737-2\/","alt":"","author":"4","description":"","caption":"","name":"_mp_3737-2","status":"inherit","uploaded_to":3599,"date":"2023-06-02 08:14:49","modified":"2023-06-02 08:14:49","menu_order":0,"mime_type":"image\/jpeg","type":"image","subtype":"jpeg","icon":"https:\/\/viktor-solothurn.ch\/wp\/wp-includes\/images\/media\/default.png","width":2500,"height":1667,"sizes":{"thumbnail":"https:\/\/viktor-solothurn.ch\/app\/uploads\/2023\/06\/MP_3737-150x150.jpg","thumbnail-width":150,"thumbnail-height":150,"medium":"https:\/\/viktor-solothurn.ch\/app\/uploads\/2023\/06\/MP_3737-300x200.jpg","medium-width":300,"medium-height":200,"medium_large":"https:\/\/viktor-solothurn.ch\/app\/uploads\/2023\/06\/MP_3737-768x512.jpg","medium_large-width":768,"medium_large-height":512,"large":"https:\/\/viktor-solothurn.ch\/app\/uploads\/2023\/06\/MP_3737-1024x683.jpg","large-width":1024,"large-height":683,"1536x1536":"https:\/\/viktor-solothurn.ch\/app\/uploads\/2023\/06\/MP_3737-1536x1024.jpg","1536x1536-width":1536,"1536x1536-height":1024,"2048x2048":"https:\/\/viktor-solothurn.ch\/app\/uploads\/2023\/06\/MP_3737-2048x1366.jpg","2048x2048-width":2048,"2048x2048-height":1366}}}},{"image":{"ID":4313,"id":4313,"title":"MP_4016-aspect-ratio-1920-1080","filename":"MP_4016-aspect-ratio-1920-1080-2.jpg","filesize":565892,"url":"https:\/\/viktor-solothurn.ch\/app\/uploads\/2023\/06\/MP_4016-aspect-ratio-1920-1080-2.jpg","link":"https:\/\/viktor-solothurn.ch\/fr\/home\/mp_4016-aspect-ratio-1920-1080\/","alt":"","author":"4","description":"","caption":"","name":"mp_4016-aspect-ratio-1920-1080","status":"inherit","uploaded_to":3599,"date":"2023-06-02 08:25:16","modified":"2023-06-02 08:25:42","menu_order":0,"mime_type":"image\/jpeg","type":"image","subtype":"jpeg","icon":"https:\/\/viktor-solothurn.ch\/wp\/wp-includes\/images\/media\/default.png","width":2500,"height":1407,"sizes":{"thumbnail":"https:\/\/viktor-solothurn.ch\/app\/uploads\/2023\/06\/MP_4016-aspect-ratio-1920-1080-2-150x150.jpg","thumbnail-width":150,"thumbnail-height":150,"medium":"https:\/\/viktor-solothurn.ch\/app\/uploads\/2023\/06\/MP_4016-aspect-ratio-1920-1080-2-300x169.jpg","medium-width":300,"medium-height":169,"medium_large":"https:\/\/viktor-solothurn.ch\/app\/uploads\/2023\/06\/MP_4016-aspect-ratio-1920-1080-2-768x432.jpg","medium_large-width":768,"medium_large-height":432,"large":"https:\/\/viktor-solothurn.ch\/app\/uploads\/2023\/06\/MP_4016-aspect-ratio-1920-1080-2-1024x576.jpg","large-width":1024,"large-height":576,"1536x1536":"https:\/\/viktor-solothurn.ch\/app\/uploads\/2023\/06\/MP_4016-aspect-ratio-1920-1080-2-1536x864.jpg","1536x1536-width":1536,"1536x1536-height":864,"2048x2048":"https:\/\/viktor-solothurn.ch\/app\/uploads\/2023\/06\/MP_4016-aspect-ratio-1920-1080-2-2048x1153.jpg","2048x2048-width":2048,"2048x2048-height":1153},"original_image":{"ID":4238,"id":4238,"title":"_MP_4016","filename":"MP_4016.jpg","filesize":3523911,"url":"https:\/\/viktor-solothurn.ch\/app\/uploads\/2023\/06\/MP_4016.jpg","link":"https:\/\/viktor-solothurn.ch\/fr\/home\/_mp_4016-2\/","alt":"","author":"4","description":"","caption":"","name":"_mp_4016-2","status":"inherit","uploaded_to":3599,"date":"2023-06-02 08:14:32","modified":"2023-06-02 08:14:32","menu_order":0,"mime_type":"image\/jpeg","type":"image","subtype":"jpeg","icon":"https:\/\/viktor-solothurn.ch\/wp\/wp-includes\/images\/media\/default.png","width":2500,"height":1667,"sizes":{"thumbnail":"https:\/\/viktor-solothurn.ch\/app\/uploads\/2023\/06\/MP_4016-150x150.jpg","thumbnail-width":150,"thumbnail-height":150,"medium":"https:\/\/viktor-solothurn.ch\/app\/uploads\/2023\/06\/MP_4016-300x200.jpg","medium-width":300,"medium-height":200,"medium_large":"https:\/\/viktor-solothurn.ch\/app\/uploads\/2023\/06\/MP_4016-768x512.jpg","medium_large-width":768,"medium_large-height":512,"large":"https:\/\/viktor-solothurn.ch\/app\/uploads\/2023\/06\/MP_4016-1024x683.jpg","large-width":1024,"large-height":683,"1536x1536":"https:\/\/viktor-solothurn.ch\/app\/uploads\/2023\/06\/MP_4016-1536x1024.jpg","1536x1536-width":1536,"1536x1536-height":1024,"2048x2048":"https:\/\/viktor-solothurn.ch\/app\/uploads\/2023\/06\/MP_4016-2048x1366.jpg","2048x2048-width":2048,"2048x2048-height":1366}}}}],"videos":{"video":false,"poster":false}}},"call-to-action-element":{"type":"link","link-element":{"tagline":"Vous avez faim ?","text":"R\u00e9servez votre table","link":{"title":"","url":"https:\/\/mytools.aleno.me\/reservations\/v2.0\/reservations.html?k=eyJrIjoid2l2dTVrM2lsNm15cnBiOWlwdzZ4bmViajhycnVkaWRpZ280bGZwODBsbzlhNGlweTEiLCJyIjoiQ2hBYkNXWjZuUWh3c0g4dUciLCJzIjoiaHR0cHM6Ly9teXRvb2xzLmFsZW5vLm1lLyJ9","target":"_blank"}}},"home_cta":{"call-to-action-element":{"type":"link","link-element":{"tagline":"Vous avez faim ?","text":"R\u00e9servez votre table","link":{"title":"","url":"https:\/\/mytools.aleno.me\/reservations\/v2.0\/reservations.html?k=eyJrIjoid2l2dTVrM2lsNm15cnBiOWlwdzZ4bmViajhycnVkaWRpZ280bGZwODBsbzlhNGlweTEiLCJyIjoiQ2hBYkNXWjZuUWh3c0g4dUciLCJzIjoiaHR0cHM6Ly9teXRvb2xzLmFsZW5vLm1lLyJ9","target":"_blank"}}}},"additional_link":"","badge":"","additional_links":false},"_links":{"self":[{"href":"https:\/\/viktor-solothurn.ch\/fr\/wp-json\/wp\/v2\/pages\/3599","targetHints":{"allow":["GET"]}}],"collection":[{"href":"https:\/\/viktor-solothurn.ch\/fr\/wp-json\/wp\/v2\/pages"}],"about":[{"href":"https:\/\/viktor-solothurn.ch\/fr\/wp-json\/wp\/v2\/types\/page"}],"author":[{"embeddable":true,"href":"https:\/\/viktor-solothurn.ch\/fr\/wp-json\/wp\/v2\/users\/1"}],"replies":[{"embeddable":true,"href":"https:\/\/viktor-solothurn.ch\/fr\/wp-json\/wp\/v2\/comments?post=3599"}],"version-history":[{"count":10,"href":"https:\/\/viktor-solothurn.ch\/fr\/wp-json\/wp\/v2\/pages\/3599\/revisions"}],"predecessor-version":[{"id":4524,"href":"https:\/\/viktor-solothurn.ch\/fr\/wp-json\/wp\/v2\/pages\/3599\/revisions\/4524"}],"wp:attachment":[{"href":"https:\/\/viktor-solothurn.ch\/fr\/wp-json\/wp\/v2\/media?parent=3599"}],"curies":[{"name":"wp","href":"https:\/\/api.w.org\/{rel}","templated":true}]}}